{"id":16,"date":"2018-12-09T21:13:58","date_gmt":"2018-12-09T20:13:58","guid":{"rendered":"http:\/\/hofrfoto.cz\/?page_id=16"},"modified":"2023-02-18T19:51:42","modified_gmt":"2023-02-18T18:51:42","slug":"galerie","status":"publish","type":"page","link":"https:\/\/hofrfoto.cz\/en\/galerie\/","title":{"rendered":"Gallery"},"content":{"rendered":"<style type=\"text\/css\">\n\t\/**\n\t * Table of Contents\n\t *\n\t * 1.0 - Pagination\n\t * 2.0 - Social Media Icon\n\t * 3.0 - Default Blog Template\n\t * 4.0 - Classical Template\n\t * 5.0 - Light Breeze Template\n\t * 6.0 - Spektrum Template\n\t * 7.0 - Evolution Template\n\t * 8.0 - Timeline Template\n\t * 9.0 - News Template\n\t * 10.0 - Sallet Template\n\t * 11.0 - Media Grid Template\n\t * 12.0 - Crayon Slider Template\n\t * 13.0 - Blog-Carousel Template\n\t * 14.0 - Blog-Grid-Box Template\n\t * 15.0 - Ticker Template\n\t *\n\t *\/\n\t\/**\n\t * 1.0 - Pagination\n\t *\/\n\t.bdp-load-more a.button.bdp-load-more-btn {\n\t\tbackground-color: #18385f;\t\tcolor: #ffffff;\t\tfont-size:14px;\t}\n\t.bd_pagination_box.wl_pagination_box .paging-navigation ul.page-numbers li a.page-numbers:hover,\n\t.bd_pagination_box.wl_pagination_box .paging-navigation ul.page-numbers li > span.current {\n\t\tbackground-color: #18385f;\t\tcolor: #ffffff;\t\tfont-size:14px;\t}\n\t.bd_pagination_box.wl_pagination_box .paging-navigation ul.page-numbers li a.page-numbers {\n\t\tbackground-color: #ffffff;\t\tcolor: #18385f;\t\tfont-size:14px;\t}\n\t.bd_pagination_box.wl_pagination_box .paging-navigation ul.page-numbers li a.page-numbers.dots {\n\t\tfont-size:14px !important;\t}\n\t\/**\n\t * 2.0 - Social Media Icon\n\t *\/    \n\t.blog_template .social-component a {\n\t\tborder-radius: 100%;\t}\n\t\/**\n\t * 3.0 - Default Blog Template\n\t *\/\n\t\t\t\/* .bdp_blog_template.nicy .blog_header h2, *\/\n\t\t.blog_template.sallet_slider h2,\n\t\t.blog_template.crayon_slider .blog_header h2,\n\t\t.glossary .blog_header h2,\n\t\t.bdp_blog_template .bd-blog-header h2 {        \n\t\t\tbackground: #ffffff\t\t}\n\t\t.blog_template .bd-more-tag-inline {\n\t\tcolor: #ffffff !important;\t\tfont-size:14px;\t}\n\t\t\t.bdp_blog_template .blog_header h2 a,\n\t\t.bdp_blog_template .bd-blog-header h2 a,\n\t\t.bdp_blog_template .bd_ad_container h4 {\n\t\t\tcolor: #222222 !important;\t\t\tfont-size: 35px;\t\t\tbackground-color: #ffffff !important;\n\t\t}\n\t\t.bdp_blog_template .blog_header h2,\n\t\t.bdp_blog_template .bd-blog-header h2,\n\t\t.blog_template .bd_ad_container h4 {\n\t\t\tfont-size: 35px;\t\t}\n\t\t.post_content-inner p,\n\t.bd-post-content {\n\t\tcolor:#18385f;\t\tfont-size:14px;\t}\n\t.bdp_blog_template .bd-metacats,\n\t.bd-tags,\n\tspan.bd-category-link,\n\t.bdp_blog_template .author,\n\t.bdp_blog_template .date,\n\t.bdp_blog_template .bd-categories,\n\t.bdp_blog_template.evolution .bd-categories a,\n\t.bdp_blog_template .bd-categories a,\n\t.bd-meta-data-box .bd-metacats,\n\t.bd-meta-data-box .bd-metacomments,\n\t.bd-meta-data-box .bd-metacomments span,\n\t.bdp_blog_template .date i, .bdp_blog_template .author i, .bdp_blog_template .comment i,\n\t.bd-tags a,\n\tspan.bd-category-link a,\n\t.bd-metadatabox p,\n\tspan .bd-link-label,\n\t.bdp_blog_template .blog_footer span,\n\t.bd-metacomments i,\n\t.date_wrap i,\n\t.bdp_blog_template a,\n\t.bdp_blog_template .post_content,\n\t.bd-categories i,\n\t.bdp_blog_template.spektrum .post-bottom .post-by,\n\t.bdp_blog_template.spektrum .post-bottom .bd-tags,\n\t.bd-metadatabox,\n\t.bdp_blog_template.news .bd-blog-header .bd-metadatabox a,\n\t.bdp_blog_template.news .post-content-div .post_cat_tag > span i,\n\t.bdp_blog_template .bd-meta-data-box .bd-metadate, .bdp_blog_template .bd-meta-data-box .bd-metauser, .bdp_blog_template .bd-meta-data-box .bd-metacats,\n\t.bd-meta-data-box .bd-metacats a,\n\t.bd-meta-data-box .bd-metacomments a,\n\t.bdp_blog_template.box-template .bd-tags,\n\t.bdp_blog_template .datetime,\n\t.bdp_blog_template .link-lable,\n\t.bdp_blog_template .post-date\n\t.bdp_blog_template .bd_ad_container p, .blog_template .bd_ad_container, .bdp_blog_template .post-date, .bdp_blog_template .post-comment span {\n\t\tfont-size:14px;\t}\n\t.bdp_blog_template .date,\n\t.bdp_blog_template .comment,\n\t.bdp_blog_template .author .bd-icon-author,\n\t.bdp_blog_template .author,\n\t.bdp_blog_template.news .post-content-div .post_cat_tag > span i ,\n\t.bdp_blog_template .post-by,\n\t.bdp_blog_template .bd-categories i,\n\t.bdp_blog_template .bd-metacats i,\n\t.bdp_blog_template .category-link i,\n\t.bdp_blog_template .bd-tags i,\n\t.bdp_blog_template .bd-metacomments,\n\t.bdp_blog_template .date_wrap i,\n\t.bdp_blog_template .post-date,\n\t.bdp_blog_template .link-lable,\n\t.bdp_blog_template .datetime,\n\t.bdp_blog_template.glossary .post-author span,\n\t.bdp_blog_template .post_content-inner p,\n\t.bdp_blog_template .post_content,\n\t.bdp_blog_template .tags i {\n\t\tcolor:#18385f;\t}\n\t.bdp_blog_template .bd-meta-data-box {\n\t\tcolor:#18385f;\t}\n\t\t\t.bd-metadatabox {\n\t\t\tcolor:#18385f;\t\t}\n\t\t.bd-link-label {\n\t\tcolor:#18385f;\t}\n\t.bdp_blog_template a.bd-more-tag {\n\t\tbackground-color: #18385f!important;\t\tcolor: #ffffff!important;\t}\n\t\t\t.bdp_blog_template a.bd-more-tag:hover {\n\t\t\tbackground-color: #ffffff!important;\t\t\tcolor: #18385f!important;\t\t}\n\t\t.bdp_blog_template i {\n\t\tfont-style: normal !important;\n\t}\n\t\t\t.bd-tags,\n\t\tspan.bd-category-link,\n\t\t.bdp_blog_template .bd-categories,\n\t\t.bd-meta-data-box .bd-metacats,\n\t\t.bd-meta-data-box .bd-metacats a,\n\t\t.bd-meta-data-box .bd-metacomments a,\n\t\t.bdp_blog_template .bd-categories a,\n\t\t.bd-post-content a,\n\t\t.bd-tags a,\n\t\tspan.bd-category-link a,\n\t\t.bdp_blog_template .tags,\n\t\t.bdp_blog_template a {\n\t\t\tcolor:#18385f !important;\n\t\t\tfont-weight: normal !important;\n\t\t}\n\t\t\t\t.bd-meta-data-box .bd-metacats a:hover,\n\t\t.bd-meta-data-box .bd-metacomments a:hover,\n\t\t.bdp_blog_template .bd-categories a:hover,\n\t\t.spektrum .post-bottom .bd-categories a:hover,\n\t\t.bd-post-content a:hover,\n\t\t.bd-tags a:hover,\n\t\tspan.bd-category-link a:hover,\n\t\t.bdp_blog_template a:hover,\n\t\t.bd-post-content a:hover {\n\t\t\tcolor:#000000 !important;\n\t\t}\n\t\t\t\t.bdp_blog_template.evolution,\n\t\t.bdp_blog_template.lightbreeze {\n\t\t\tbackground: #18385f;\n\t\t}\n\t\t\t\t\/**\n\t * 4.0 - Classical Template\n\t *\/\n\t.bdp_blog_template.classical .bd-blog-header .bd-tags {\n\t\tcolor: #18385f;\t}\n\t\/**\n\t * 5.0 - Light Breeze Template\n\t *\/\n\t\/**\n\t * 6.0 - Spektrum Template\n\t *\/\n\t.bdp_blog_template.spektrum .bd-blog-header {\n\t\tbackground:#ffffff;\t}\n\t\t\t.spektrum .date {\n\t\t\tbackground-color: #222222;\n\t\t}\n\t\t\t\t.spektrum .post-bottom .bd-categories a {\n\t\t\tcolor: #18385f;\n\t\t}\n\t\t\t\t.spektrum .details a {\n\t\t\tcolor :#ffffff !important;\n\t\t\tfont-size:14px;\t\t}\n\t\t\t\t.spektrum .details a:hover {\n\t\t\tcolor :#18385f;\n\t\t}\n\t\t\/**\n\t * 7.0 - Evolution Template\n\t *\/\n\t\/**\n\t * 8.0 - Timeline Template\n\t *\/\n\t.timeline_bg_wrap:before {\n\t\tbackground: none repeat scroll 0 0 #18385f;\n\t}\n\t.bd-datetime, .timeline_year span.year_wrap {\n\t\tbackground: none repeat scroll 0 0 #18385f;\n\t}\n\t.bdp_blog_template.timeline .post_hentry > p > i {\n\t\tbackground: #18385f;\t}\n\t.bdp_blog_template.timeline:nth-child(2n+1) .post_content_wrap:before,\n\t.bdp_blog_template.timeline:nth-child(2n+1) .post_content_wrap:after {\n\t\tborder-left: 8px solid #18385f;\n\t}\n\t.rtl .bdp_blog_template.timeline:nth-child(2n+1) .post_content_wrap:before,\n\t.rtl .bdp_blog_template.timeline:nth-child(2n+1) .post_content_wrap:after {\n\t\tborder-right: 8px solid #18385f;\n\t}\n\t.bdp_blog_template.timeline:nth-child(2n) .post_content_wrap:before,\n\t.bdp_blog_template.timeline:nth-child(2n) .post_content_wrap:after {\n\t\tborder-right: 8px solid #18385f;\n\t}\n\t.rtl .bdp_blog_template.timeline:nth-child(2n) .post_content_wrap:before,\n\t.rtl .bdp_blog_template.timeline:nth-child(2n) .post_content_wrap:after {\n\t\tborder-left: 8px solid #18385f;\n\t}\n\t.post_content_wrap {\n\t\tborder:1px solid #18385f;\n\t}\n\t.bdp_blog_template .post_content_wrap .blog_footer {\n\t\tborder-top: 1px solid #18385f ;\n\t}\n\t.bdp_blog_template .post-icon {\n\t\tbackground:#ffffff;\t}\n\t.bdp_blog_template.timeline .desc h3 a{\n\t\tcolor: #222222 !important;\t\tbackground:#ffffff !important;\t\tfont-size: 35px;\t}\n\n\t\/*media query*\/\n\t@media screen and (max-width: 991px) {\n\t\t.bdp_blog_template.timeline:nth-child(2n+1) .post_content_wrap:before,\n\t\t.bdp_blog_template.timeline:nth-child(2n+1) .post_content_wrap:after {\n\t\t\tborder-right: 8px solid #18385f;\n\t\t}\n\t}\n\t\/**\n\t * 9.0 - News Template\n\t *\/\n\t\t\t.bdp_blog_template.news .bd-blog-header h2.title a{\n\t\t\tcolor: #222222;\t\t\tfont-size: 35px;\t\t}\n\t\t\/* .blog_template.boxy-clean .blog_header h2, *\/\n\t.bdp_blog_template.news .bd-blog-header h2.title{\n\t\tbackground: #ffffff\t}\n\t.bdp_blog_template.news {\n\t\tbackground-color: #18385f\t}\n\t.bdp_blog_template.news a.bd-more-tag{\n\t\tfloat: right !important;\n\t}\n\t.blog_template.boxy-clean ul li:hover,\n\t.blog_template.boxy-clean ul li:hover .blog_header h2 {\n\t\tbackground: ;\n\t}\n\t.glossary .post_content-inner {\n\t\tborder-color: #18385f;\t}\n\t.blog_template.boxy-clean .blog_wrap.bdp_blog_template .author {\n\t\tbackground: #18385f;\t}\n\t\/** 10.0 - Sallet Template *\/\n\t.bdp_blog_template.sallet_slider .blog_header > div > div > div {\n\t\tbackground: #ffffff;\t}\n\t.bdp_blog_template.sallet_slider .blog_header > div > div > div::before {\n\t\tbackground: #18385f none repeat scroll 0 0;\t}\n\t.bdp_blog_template.sallet_slider.right {\n\t\tbackground: #18385f ;\t}\n\t.blog_template.sallet_slider .category-link a {\n\t\tbackground: #18385f ;\t\tcolor: #fff !important;\n\t}\n\t\/** 11.0 - Media Grid Template *\/\n\t.bdp_blog_template.media-grid .blog_header h2 a {\n\t\tbackground: #ffffff\t}\n\t.bdp_blog_template.media-grid .bd-metacats {\n\t\tbackground: #18385f\t}\n\n\t.bdp_blog_template.media-grid .bd-metacats:hover{\n\t\t\t}\n\n\t.bdp_blog_template.media-grid .post-meta .postdate {\n\t\tfont-size: 14px\t}\n\t\/** 12.0 - Crayon Slider Template *\/\n\t\t\t\/** 13.0 - Blog Carousel Template *\/\n\tli.blog_template.bdp_blog_template.blog_carousel {\n\t\tbackground: #18385f\t}\n\t.blog_template.blog_carousel .blog_header:hover {\n\t\t}\n\t\/** 14.0 - Blog-Grid-Box Template *\/\n\t.blog_template.blog-grid-box .bd-more-next-line a {\n\t\tbackground: #18385f;\t\tcolor: #ffffff\t}\n\t.blog_template.blog-grid-box .post-comment a,\n\t.blog_template.blog-grid-box .mauthor .author a,\n\t.blog_template.blog-grid-box .bd-metacats a,\n\t.blog_template.blog-grid-box .mdate a {\n\t\tcolor: #18385f\t}\n\t.blog_template.blog-grid-box .post-comment a:hover,\n\t.blog_template.blog-grid-box .mauthor .author a:hover,\n\t.blog_template.blog-grid-box .bd-metacats a:hover,\n\t.blog_template.blog-grid-box .mdate a:hover {\n\t\tcolor: #000000\t}\n\t.blog_template.blog-grid-box .post_title a {\n\t\tcolor: #222222;background: #ffffff;font-size: 35px\t}\n\t.blog_template.blog-grid-box .post_content {\n\t\tcolor: #18385f;font-size: 14px\t}\n\t.blog_template.blog-grid-box {\n\t\tbackground: #18385f\t}\n\n\t\/** 15.0 - Ticker Template *\/\n\t#blog-ticker-style-1 {\n\t\tborder-color: #18385f\t}\n\t#blog-ticker-style-1 .ticker-title {\n\t\tbackground-color: #18385f\t}\n\t#blog-ticker-style-1 .ticker-style-title {\n\t\t\t}\n\t#blog-ticker-style-1 .ticker-title>span {\n\t\tborder-color: transparent transparent transparent#18385f\t}\n\t#blog-ticker-style-1 .blog-tickers a:hover {\n\t\tcolor: #18385f\t}\n\t#blog-ticker-style-1 .blog-tickers a {\n\t\tcolor: #222222\t}\n\t<\/style>\n<div class=\"bdp_wrapper\">\t\t\t\t<div class=\"timeline_bg_wrap\">\n\t\t\t\t\t<div class=\"timeline_back clearfix\">\n\t\t\t\t\t\t<div class=\"timeline_year\"><span class=\"year_wrap\"><span class=\"only_year\">2026<\/span><\/span><\/div>\t\t<div class=\"blog_template bdp_blog_template timeline blog-wrap  odd\">\n\t\t\t<div class=\"post_hentry\"><p><i class=\"fas\" data-fa-pseudo-element=\":before\">\uf303<\/i><\/p><div class=\"post_content_wrap\">\n\t\t\t\t\t<div class=\"post_wrapper box-blog\">\n\t\t\t\t\t\t\t\t\t\t\t\t\t<div class=\"bd-post-image photo\">\n\t\t\t\t\t\t\t\t<a href=\"https:\/\/hofrfoto.cz\/en\/2026\/04\/07\/kost-slivovice-v-sumicich\/\"><img loading=\"lazy\" decoding=\"async\" width=\"1200\" height=\"801\" src=\"https:\/\/hofrfoto.cz\/wp-content\/uploads\/2026\/04\/HO2_2891.jpg\" class=\"attachment-full size-full wp-post-image\" alt=\"Ko\u0161t slivovice \u0160umice 2026\" srcset=\"https:\/\/hofrfoto.cz\/wp-content\/uploads\/2026\/04\/HO2_2891.jpg 1200w, https:\/\/hofrfoto.cz\/wp-content\/uploads\/2026\/04\/HO2_2891-300x200.jpg 300w, https:\/\/hofrfoto.cz\/wp-content\/uploads\/2026\/04\/HO2_2891-1024x684.jpg 1024w, https:\/\/hofrfoto.cz\/wp-content\/uploads\/2026\/04\/HO2_2891-768x513.jpg 768w, https:\/\/hofrfoto.cz\/wp-content\/uploads\/2026\/04\/HO2_2891-18x12.jpg 18w, https:\/\/hofrfoto.cz\/wp-content\/uploads\/2026\/04\/HO2_2891-500x334.jpg 500w, https:\/\/hofrfoto.cz\/wp-content\/uploads\/2026\/04\/HO2_2891-800x534.jpg 800w\" sizes=\"(max-width: 1200px) 100vw, 1200px\" \/>\t\t\t\t\t\t\t\t\t<span class=\"overlay\"><\/span>\n\t\t\t\t\t\t\t\t<\/a>\n\t\t\t\t\t\t\t<\/div>\n\t\t\t\t\t\t\t\t\t\t\t\t<div class=\"desc\">\n\t\t\t\t\t\t\t<h3 class=\"text-center text-capitalize\"><a href=\"https:\/\/hofrfoto.cz\/en\/2026\/04\/07\/kost-slivovice-v-sumicich\/\">Ko\u0161t slivovice v \u0160umic\u00edch<\/a><\/h3>\n\t\t\t\t\t\t\t\t\t\t\t\t\t\t\t<div class=\"date_wrap\">\n\t\t\t\t\t\t\t\t\t\t\t\t\t\t\t\t\t\t\t<p class='bd-margin-0'><span title=\"Posted By OtasFoto\"><i class=\"fas fa-user\"><\/i>&nbsp;<a href=\"https:\/\/hofrfoto.cz\/en\/author\/otasfoto\/\"><span>OtasFoto<\/span><\/a><\/span>&nbsp;&nbsp;<\/p>\n\t\t\t\t\t\t\t\t\t\t\t\t\t\t\t\t\t\t\t\t<p class='bd-margin-0'><span class=\"bd-metacomments\"><i class=\"fas fa-comment\"><\/i>&nbsp;<a href=\"https:\/\/hofrfoto.cz\/en\/2026\/04\/07\/kost-slivovice-v-sumicich\/#respond\">No Comments<\/a>\t\t\t\t\t\t\t\t\t\t\t<\/span><\/p>\n\t\t\t\t\t\t\t\t\t\t\t\t\t\t\t\t\t\t\t\t<div class=\"bd-datetime\">\n\t\t\t\t\t\t\t\t\t\t\t<span class=\"month\">Apr<\/span><span class=\"date\">07<\/span>\n\t\t\t\t\t\t\t\t\t\t<\/div>\n\t\t\t\t\t\t\t\t\t\t\t\t\t\t\t\t\t<\/div>\n\t\t\t\t\t\t\t\t\t\t\t\t\t\t<div class=\"bd-post-content\">\n\t\t\t\t\t\t\t\t\t\t\t\t\t\t\t<\/div>\n\t\t\t\t\t\t\t\t\t\t\t\t\t\t\t<div class=\"read_more\">\n\t\t\t\t\t\t\t\t\t<a class=\"bd-more-tag\" href=\"https:\/\/hofrfoto.cz\/en\/2026\/04\/07\/kost-slivovice-v-sumicich\/\"><i class=\"fas fa-plus\"><\/i> V\u00edce zde <\/a>\t\t\t\t\t\t\t\t<\/div>\n\t\t\t\t\t\t\t\t\t\t\t\t\t<\/div>\n\t\t\t\t\t<\/div>\n\t\t\t\t\t\t\t\t\t\t\t<footer class=\"blog_footer text-capitalize\">\n\t\t\t\t\t\t\t\t\t\t\t\t\t\t\t<p class=\"bd-margin-0\"><span class=\"bd-categories\"><i class=\"fas fa-folder\"><\/i>\n\t\t\t\t\t\t\t\t\t\t<span class=\"bd-link-label\">Categories :&nbsp;<\/span><a href=\"https:\/\/hofrfoto.cz\/en\/category\/akce\/\" rel=\"category tag\">Party<\/a>\t\t\t\t\t\t\t\t\t<\/span>\n\t\t\t\t\t\t\t\t<\/p>\n\t\t\t\t\t\t\t\t\t\t\t\t\t\t\t\t<div class=\"social-component\">\n\t\t\t\t\t\t\t\t\t\t\t\t\t\t\t\t\t\t\t<a data-share=\"facebook\" data-href=\"https:\/\/www.facebook.com\/sharer\/sharer.php\" data-url=\"https:\/\/hofrfoto.cz\/en\/2026\/04\/07\/kost-slivovice-v-sumicich\/\" class=\"bd-facebook-share bd-social-share\"><i class=\"fab fa-facebook-f\"><\/i><\/a>\n\t\t\t\t\t\t\t\t\t\t\t\t\t\t\t\t\t\t\t\t<a data-share=\"twitter\" data-href=\"https:\/\/twitter.com\/share\" data-text=\"Ko\u0161t slivovice v \u0160umic\u00edch\" data-url=\"https:\/\/hofrfoto.cz\/en\/2026\/04\/07\/kost-slivovice-v-sumicich\/\" class=\"bd-twitter-share bd-social-share\"><i class=\"fab fa-x-twitter\"><\/i><\/a>\n\t\t\t\t\t\t\t\t\t\t\t\t\t\t\t\t\t\t\t\t<a data-share=\"linkedin\" data-href=\"https:\/\/www.linkedin.com\/shareArticle\" data-url=\"https:\/\/hofrfoto.cz\/en\/2026\/04\/07\/kost-slivovice-v-sumicich\/\" class=\"bd-linkedin-share bd-social-share\"><i class=\"fab fa-linkedin-in\"><\/i><\/a>\n\t\t\t\t\t\t\t\t\t\t\t\t\t\t\t\t\t\t\t\t<a data-share=\"pinterest\" href=\"https:\/\/pinterest.com\/pin\/create\/button\/\" data-url=\"https:\/\/hofrfoto.cz\/en\/2026\/04\/07\/kost-slivovice-v-sumicich\/\" data-mdia=\"https:\/\/hofrfoto.cz\/wp-content\/uploads\/2026\/04\/HO2_2891.jpg\" data-rel=\"lightbox-gallery-0\" data-rl_title=\"\" data-rl_caption=\"\" data-description=\"Ko\u0161t slivovice v \u0160umic\u00edch\" class=\"bd-pinterest-share bd-social-share\" title=\"\" data- target=\"_blank\" rel=\"noopener\"> <i class=\"fab fa-pinterest-p\"><\/i><\/a>\n\t\t\t\t\t\t\t\t\t\t\t\t\t\t\t\t\t<\/div>\n\t\t\t\t\t\t\t\t\t\t\t\t\t\t<\/footer>\n\t\t\t\t\t\t\t\t\t<\/div>\n\t\t\t<\/div>\n\t\t<\/div>\n\t\t<div class=\"timeline_year\"><span class=\"year_wrap\"><span class=\"only_year\">2025<\/span><\/span><\/div>\t\t<div class=\"blog_template bdp_blog_template timeline blog-wrap  even\">\n\t\t\t<div class=\"post_hentry\"><p><i class=\"fas\" data-fa-pseudo-element=\":before\">\uf303<\/i><\/p><div class=\"post_content_wrap\">\n\t\t\t\t\t<div class=\"post_wrapper box-blog\">\n\t\t\t\t\t\t\t\t\t\t\t\t\t<div class=\"bd-post-image photo\">\n\t\t\t\t\t\t\t\t<a href=\"https:\/\/hofrfoto.cz\/en\/2025\/10\/16\/slovacke-hody-s-pravem-spytihnev-pondeli-2\/\"><img loading=\"lazy\" decoding=\"async\" width=\"1918\" height=\"1280\" src=\"https:\/\/hofrfoto.cz\/wp-content\/uploads\/2025\/10\/HO2_0912.jpg\" class=\"attachment-full size-full wp-post-image\" alt=\"\" srcset=\"https:\/\/hofrfoto.cz\/wp-content\/uploads\/2025\/10\/HO2_0912.jpg 1918w, https:\/\/hofrfoto.cz\/wp-content\/uploads\/2025\/10\/HO2_0912-300x200.jpg 300w, https:\/\/hofrfoto.cz\/wp-content\/uploads\/2025\/10\/HO2_0912-1024x683.jpg 1024w, https:\/\/hofrfoto.cz\/wp-content\/uploads\/2025\/10\/HO2_0912-768x513.jpg 768w, https:\/\/hofrfoto.cz\/wp-content\/uploads\/2025\/10\/HO2_0912-1536x1025.jpg 1536w, https:\/\/hofrfoto.cz\/wp-content\/uploads\/2025\/10\/HO2_0912-18x12.jpg 18w, https:\/\/hofrfoto.cz\/wp-content\/uploads\/2025\/10\/HO2_0912-500x334.jpg 500w, https:\/\/hofrfoto.cz\/wp-content\/uploads\/2025\/10\/HO2_0912-800x534.jpg 800w, https:\/\/hofrfoto.cz\/wp-content\/uploads\/2025\/10\/HO2_0912-1280x854.jpg 1280w\" sizes=\"(max-width: 1918px) 100vw, 1918px\" \/>\t\t\t\t\t\t\t\t\t<span class=\"overlay\"><\/span>\n\t\t\t\t\t\t\t\t<\/a>\n\t\t\t\t\t\t\t<\/div>\n\t\t\t\t\t\t\t\t\t\t\t\t<div class=\"desc\">\n\t\t\t\t\t\t\t<h3 class=\"text-center text-capitalize\"><a href=\"https:\/\/hofrfoto.cz\/en\/2025\/10\/16\/slovacke-hody-s-pravem-spytihnev-pondeli-2\/\">Slov\u00e1ck\u00e9 hody s pr\u00e1vem &#8211; Spytihn\u011bv &#8211; pond\u011bl\u00ed<\/a><\/h3>\n\t\t\t\t\t\t\t\t\t\t\t\t\t\t\t<div class=\"date_wrap\">\n\t\t\t\t\t\t\t\t\t\t\t\t\t\t\t\t\t\t\t<p class='bd-margin-0'><span title=\"Posted By OtasFoto\"><i class=\"fas fa-user\"><\/i>&nbsp;<a href=\"https:\/\/hofrfoto.cz\/en\/author\/otasfoto\/\"><span>OtasFoto<\/span><\/a><\/span>&nbsp;&nbsp;<\/p>\n\t\t\t\t\t\t\t\t\t\t\t\t\t\t\t\t\t\t\t\t<p class='bd-margin-0'><span class=\"bd-metacomments\"><i class=\"fas fa-comment\"><\/i>&nbsp;<a href=\"https:\/\/hofrfoto.cz\/en\/2025\/10\/16\/slovacke-hody-s-pravem-spytihnev-pondeli-2\/#respond\">No Comments<\/a>\t\t\t\t\t\t\t\t\t\t\t<\/span><\/p>\n\t\t\t\t\t\t\t\t\t\t\t\t\t\t\t\t\t\t\t\t<div class=\"bd-datetime\">\n\t\t\t\t\t\t\t\t\t\t\t<span class=\"month\">Oct<\/span><span class=\"date\">16<\/span>\n\t\t\t\t\t\t\t\t\t\t<\/div>\n\t\t\t\t\t\t\t\t\t\t\t\t\t\t\t\t\t<\/div>\n\t\t\t\t\t\t\t\t\t\t\t\t\t\t<div class=\"bd-post-content\">\n\t\t\t\t\t\t\t\t\t\t\t\t\t\t\t<\/div>\n\t\t\t\t\t\t\t\t\t\t\t\t\t\t\t<div class=\"read_more\">\n\t\t\t\t\t\t\t\t\t<a class=\"bd-more-tag\" href=\"https:\/\/hofrfoto.cz\/en\/2025\/10\/16\/slovacke-hody-s-pravem-spytihnev-pondeli-2\/\"><i class=\"fas fa-plus\"><\/i> V\u00edce zde <\/a>\t\t\t\t\t\t\t\t<\/div>\n\t\t\t\t\t\t\t\t\t\t\t\t\t<\/div>\n\t\t\t\t\t<\/div>\n\t\t\t\t\t\t\t\t\t\t\t<footer class=\"blog_footer text-capitalize\">\n\t\t\t\t\t\t\t\t\t\t\t\t\t\t\t<p class=\"bd-margin-0\"><span class=\"bd-categories\"><i class=\"fas fa-folder\"><\/i>\n\t\t\t\t\t\t\t\t\t\t<span class=\"bd-link-label\">Categories :&nbsp;<\/span><a href=\"https:\/\/hofrfoto.cz\/en\/category\/akce\/\" rel=\"category tag\">Party<\/a>, <a href=\"https:\/\/hofrfoto.cz\/en\/category\/hody\/\" rel=\"category tag\">Hody<\/a>\t\t\t\t\t\t\t\t\t<\/span>\n\t\t\t\t\t\t\t\t<\/p>\n\t\t\t\t\t\t\t\t\t\t\t\t\t\t\t\t\t<p class=\"bd-margin-0\">\n\t\t\t\t\t\t\t\t\t\t<span class=\"bd-tags\"><i class=\"fas fa-bookmark\"><\/i>\n\t\t\t\t\t\t\t\t\t\t\t<span class=\"bd-link-label\">Tags :&nbsp;<\/span><a href=\"https:\/\/hofrfoto.cz\/en\/tag\/hody\/\" rel=\"tag\">Hody<\/a>, <a href=\"https:\/\/hofrfoto.cz\/en\/tag\/hody-s-pravem\/\" rel=\"tag\">Hody s pr\u00e1vem<\/a>, <a href=\"https:\/\/hofrfoto.cz\/en\/tag\/slovacke-hody\/\" rel=\"tag\">slov\u00e1ck\u00e9 hody<\/a>, <a href=\"https:\/\/hofrfoto.cz\/en\/tag\/spytihnev\/\" rel=\"tag\">Spytihn\u011bv<\/a>\t\t\t\t\t\t\t\t\t\t<\/span>\n\t\t\t\t\t\t\t\t\t<\/p>\n\t\t\t\t\t\t\t\t\t\t\t\t\t\t\t\t\t<div class=\"social-component\">\n\t\t\t\t\t\t\t\t\t\t\t\t\t\t\t\t\t\t\t<a data-share=\"facebook\" data-href=\"https:\/\/www.facebook.com\/sharer\/sharer.php\" data-url=\"https:\/\/hofrfoto.cz\/en\/2025\/10\/16\/slovacke-hody-s-pravem-spytihnev-pondeli-2\/\" class=\"bd-facebook-share bd-social-share\"><i class=\"fab fa-facebook-f\"><\/i><\/a>\n\t\t\t\t\t\t\t\t\t\t\t\t\t\t\t\t\t\t\t\t<a data-share=\"twitter\" data-href=\"https:\/\/twitter.com\/share\" data-text=\"Slov\u00e1ck\u00e9 hody s pr\u00e1vem &#8211; Spytihn\u011bv &#8211; pond\u011bl\u00ed\" data-url=\"https:\/\/hofrfoto.cz\/en\/2025\/10\/16\/slovacke-hody-s-pravem-spytihnev-pondeli-2\/\" class=\"bd-twitter-share bd-social-share\"><i class=\"fab fa-x-twitter\"><\/i><\/a>\n\t\t\t\t\t\t\t\t\t\t\t\t\t\t\t\t\t\t\t\t<a data-share=\"linkedin\" data-href=\"https:\/\/www.linkedin.com\/shareArticle\" data-url=\"https:\/\/hofrfoto.cz\/en\/2025\/10\/16\/slovacke-hody-s-pravem-spytihnev-pondeli-2\/\" class=\"bd-linkedin-share bd-social-share\"><i class=\"fab fa-linkedin-in\"><\/i><\/a>\n\t\t\t\t\t\t\t\t\t\t\t\t\t\t\t\t\t\t\t\t<a data-share=\"pinterest\" href=\"https:\/\/pinterest.com\/pin\/create\/button\/\" data-url=\"https:\/\/hofrfoto.cz\/en\/2025\/10\/16\/slovacke-hody-s-pravem-spytihnev-pondeli-2\/\" data-mdia=\"https:\/\/hofrfoto.cz\/wp-content\/uploads\/2025\/10\/HO2_0912.jpg\" data-rel=\"lightbox-gallery-0\" data-rl_title=\"\" data-rl_caption=\"\" data-description=\"Slov\u00e1ck\u00e9 hody s pr\u00e1vem &#8211; Spytihn\u011bv &#8211; pond\u011bl\u00ed\" class=\"bd-pinterest-share bd-social-share\" title=\"\" data- target=\"_blank\" rel=\"noopener\"> <i class=\"fab fa-pinterest-p\"><\/i><\/a>\n\t\t\t\t\t\t\t\t\t\t\t\t\t\t\t\t\t<\/div>\n\t\t\t\t\t\t\t\t\t\t\t\t\t\t<\/footer>\n\t\t\t\t\t\t\t\t\t<\/div>\n\t\t\t<\/div>\n\t\t<\/div>\n\t\t<div class=\"timeline_year\"><span class=\"year_wrap\"><span class=\"only_year\">2025<\/span><\/span><\/div>\t\t<div class=\"blog_template bdp_blog_template timeline blog-wrap  odd\">\n\t\t\t<div class=\"post_hentry\"><p><i class=\"fas\" data-fa-pseudo-element=\":before\">\uf303<\/i><\/p><div class=\"post_content_wrap\">\n\t\t\t\t\t<div class=\"post_wrapper box-blog\">\n\t\t\t\t\t\t\t\t\t\t\t\t\t<div class=\"bd-post-image photo\">\n\t\t\t\t\t\t\t\t<a href=\"https:\/\/hofrfoto.cz\/en\/2025\/10\/15\/slovacke-hody-s-pravem-spytihnev-2025-nedele\/\"><img loading=\"lazy\" decoding=\"async\" width=\"854\" height=\"1280\" src=\"https:\/\/hofrfoto.cz\/wp-content\/uploads\/2025\/10\/HO1_4323.jpg\" class=\"attachment-full size-full wp-post-image\" alt=\"\" srcset=\"https:\/\/hofrfoto.cz\/wp-content\/uploads\/2025\/10\/HO1_4323.jpg 854w, https:\/\/hofrfoto.cz\/wp-content\/uploads\/2025\/10\/HO1_4323-200x300.jpg 200w, https:\/\/hofrfoto.cz\/wp-content\/uploads\/2025\/10\/HO1_4323-683x1024.jpg 683w, https:\/\/hofrfoto.cz\/wp-content\/uploads\/2025\/10\/HO1_4323-768x1151.jpg 768w, https:\/\/hofrfoto.cz\/wp-content\/uploads\/2025\/10\/HO1_4323-8x12.jpg 8w, https:\/\/hofrfoto.cz\/wp-content\/uploads\/2025\/10\/HO1_4323-500x749.jpg 500w, https:\/\/hofrfoto.cz\/wp-content\/uploads\/2025\/10\/HO1_4323-800x1199.jpg 800w\" sizes=\"(max-width: 854px) 100vw, 854px\" \/>\t\t\t\t\t\t\t\t\t<span class=\"overlay\"><\/span>\n\t\t\t\t\t\t\t\t<\/a>\n\t\t\t\t\t\t\t<\/div>\n\t\t\t\t\t\t\t\t\t\t\t\t<div class=\"desc\">\n\t\t\t\t\t\t\t<h3 class=\"text-center text-capitalize\"><a href=\"https:\/\/hofrfoto.cz\/en\/2025\/10\/15\/slovacke-hody-s-pravem-spytihnev-2025-nedele\/\">Slov\u00e1ck\u00e9 hody s pr\u00e1vem &#8211; Spytihn\u011bv 2025 &#8211; ned\u011ble<\/a><\/h3>\n\t\t\t\t\t\t\t\t\t\t\t\t\t\t\t<div class=\"date_wrap\">\n\t\t\t\t\t\t\t\t\t\t\t\t\t\t\t\t\t\t\t<p class='bd-margin-0'><span title=\"Posted By OtasFoto\"><i class=\"fas fa-user\"><\/i>&nbsp;<a href=\"https:\/\/hofrfoto.cz\/en\/author\/otasfoto\/\"><span>OtasFoto<\/span><\/a><\/span>&nbsp;&nbsp;<\/p>\n\t\t\t\t\t\t\t\t\t\t\t\t\t\t\t\t\t\t\t\t<p class='bd-margin-0'><span class=\"bd-metacomments\"><i class=\"fas fa-comment\"><\/i>&nbsp;<a href=\"https:\/\/hofrfoto.cz\/en\/2025\/10\/15\/slovacke-hody-s-pravem-spytihnev-2025-nedele\/#respond\">No Comments<\/a>\t\t\t\t\t\t\t\t\t\t\t<\/span><\/p>\n\t\t\t\t\t\t\t\t\t\t\t\t\t\t\t\t\t\t\t\t<div class=\"bd-datetime\">\n\t\t\t\t\t\t\t\t\t\t\t<span class=\"month\">Oct<\/span><span class=\"date\">15<\/span>\n\t\t\t\t\t\t\t\t\t\t<\/div>\n\t\t\t\t\t\t\t\t\t\t\t\t\t\t\t\t\t<\/div>\n\t\t\t\t\t\t\t\t\t\t\t\t\t\t<div class=\"bd-post-content\">\n\t\t\t\t\t\t\t\t\t\t\t\t\t\t\t<\/div>\n\t\t\t\t\t\t\t\t\t\t\t\t\t\t\t<div class=\"read_more\">\n\t\t\t\t\t\t\t\t\t<a class=\"bd-more-tag\" href=\"https:\/\/hofrfoto.cz\/en\/2025\/10\/15\/slovacke-hody-s-pravem-spytihnev-2025-nedele\/\"><i class=\"fas fa-plus\"><\/i> V\u00edce zde <\/a>\t\t\t\t\t\t\t\t<\/div>\n\t\t\t\t\t\t\t\t\t\t\t\t\t<\/div>\n\t\t\t\t\t<\/div>\n\t\t\t\t\t\t\t\t\t\t\t<footer class=\"blog_footer text-capitalize\">\n\t\t\t\t\t\t\t\t\t\t\t\t\t\t\t<p class=\"bd-margin-0\"><span class=\"bd-categories\"><i class=\"fas fa-folder\"><\/i>\n\t\t\t\t\t\t\t\t\t\t<span class=\"bd-link-label\">Categories :&nbsp;<\/span><a href=\"https:\/\/hofrfoto.cz\/en\/category\/akce\/\" rel=\"category tag\">Party<\/a>, <a href=\"https:\/\/hofrfoto.cz\/en\/category\/hody\/\" rel=\"category tag\">Hody<\/a>\t\t\t\t\t\t\t\t\t<\/span>\n\t\t\t\t\t\t\t\t<\/p>\n\t\t\t\t\t\t\t\t\t\t\t\t\t\t\t\t\t<p class=\"bd-margin-0\">\n\t\t\t\t\t\t\t\t\t\t<span class=\"bd-tags\"><i class=\"fas fa-bookmark\"><\/i>\n\t\t\t\t\t\t\t\t\t\t\t<span class=\"bd-link-label\">Tags :&nbsp;<\/span><a href=\"https:\/\/hofrfoto.cz\/en\/tag\/hody\/\" rel=\"tag\">Hody<\/a>, <a href=\"https:\/\/hofrfoto.cz\/en\/tag\/hody-s-pravem\/\" rel=\"tag\">Hody s pr\u00e1vem<\/a>, <a href=\"https:\/\/hofrfoto.cz\/en\/tag\/slovacke-hody\/\" rel=\"tag\">slov\u00e1ck\u00e9 hody<\/a>, <a href=\"https:\/\/hofrfoto.cz\/en\/tag\/spytihnev\/\" rel=\"tag\">Spytihn\u011bv<\/a>\t\t\t\t\t\t\t\t\t\t<\/span>\n\t\t\t\t\t\t\t\t\t<\/p>\n\t\t\t\t\t\t\t\t\t\t\t\t\t\t\t\t\t<div class=\"social-component\">\n\t\t\t\t\t\t\t\t\t\t\t\t\t\t\t\t\t\t\t<a data-share=\"facebook\" data-href=\"https:\/\/www.facebook.com\/sharer\/sharer.php\" data-url=\"https:\/\/hofrfoto.cz\/en\/2025\/10\/15\/slovacke-hody-s-pravem-spytihnev-2025-nedele\/\" class=\"bd-facebook-share bd-social-share\"><i class=\"fab fa-facebook-f\"><\/i><\/a>\n\t\t\t\t\t\t\t\t\t\t\t\t\t\t\t\t\t\t\t\t<a data-share=\"twitter\" data-href=\"https:\/\/twitter.com\/share\" data-text=\"Slov\u00e1ck\u00e9 hody s pr\u00e1vem &#8211; Spytihn\u011bv 2025 &#8211; ned\u011ble\" data-url=\"https:\/\/hofrfoto.cz\/en\/2025\/10\/15\/slovacke-hody-s-pravem-spytihnev-2025-nedele\/\" class=\"bd-twitter-share bd-social-share\"><i class=\"fab fa-x-twitter\"><\/i><\/a>\n\t\t\t\t\t\t\t\t\t\t\t\t\t\t\t\t\t\t\t\t<a data-share=\"linkedin\" data-href=\"https:\/\/www.linkedin.com\/shareArticle\" data-url=\"https:\/\/hofrfoto.cz\/en\/2025\/10\/15\/slovacke-hody-s-pravem-spytihnev-2025-nedele\/\" class=\"bd-linkedin-share bd-social-share\"><i class=\"fab fa-linkedin-in\"><\/i><\/a>\n\t\t\t\t\t\t\t\t\t\t\t\t\t\t\t\t\t\t\t\t<a data-share=\"pinterest\" href=\"https:\/\/pinterest.com\/pin\/create\/button\/\" data-url=\"https:\/\/hofrfoto.cz\/en\/2025\/10\/15\/slovacke-hody-s-pravem-spytihnev-2025-nedele\/\" data-mdia=\"https:\/\/hofrfoto.cz\/wp-content\/uploads\/2025\/10\/HO1_4323.jpg\" data-rel=\"lightbox-gallery-0\" data-rl_title=\"\" data-rl_caption=\"\" data-description=\"Slov\u00e1ck\u00e9 hody s pr\u00e1vem &#8211; Spytihn\u011bv 2025 &#8211; ned\u011ble\" class=\"bd-pinterest-share bd-social-share\" title=\"\" data- target=\"_blank\" rel=\"noopener\"> <i class=\"fab fa-pinterest-p\"><\/i><\/a>\n\t\t\t\t\t\t\t\t\t\t\t\t\t\t\t\t\t<\/div>\n\t\t\t\t\t\t\t\t\t\t\t\t\t\t<\/footer>\n\t\t\t\t\t\t\t\t\t<\/div>\n\t\t\t<\/div>\n\t\t<\/div>\n\t\t<div class=\"timeline_year\"><span class=\"year_wrap\"><span class=\"only_year\">2025<\/span><\/span><\/div>\t\t<div class=\"blog_template bdp_blog_template timeline blog-wrap  even\">\n\t\t\t<div class=\"post_hentry\"><p><i class=\"fas\" data-fa-pseudo-element=\":before\">\uf303<\/i><\/p><div class=\"post_content_wrap\">\n\t\t\t\t\t<div class=\"post_wrapper box-blog\">\n\t\t\t\t\t\t\t\t\t\t\t\t\t<div class=\"bd-post-image photo\">\n\t\t\t\t\t\t\t\t<a href=\"https:\/\/hofrfoto.cz\/en\/2025\/09\/27\/ws-holandsko\/\"><img loading=\"lazy\" decoding=\"async\" width=\"1317\" height=\"1920\" src=\"https:\/\/hofrfoto.cz\/wp-content\/uploads\/2025\/09\/Bez-nazvu-1.jpg\" class=\"attachment-full size-full wp-post-image\" alt=\"\" srcset=\"https:\/\/hofrfoto.cz\/wp-content\/uploads\/2025\/09\/Bez-nazvu-1.jpg 1317w, https:\/\/hofrfoto.cz\/wp-content\/uploads\/2025\/09\/Bez-nazvu-1-206x300.jpg 206w, https:\/\/hofrfoto.cz\/wp-content\/uploads\/2025\/09\/Bez-nazvu-1-702x1024.jpg 702w, https:\/\/hofrfoto.cz\/wp-content\/uploads\/2025\/09\/Bez-nazvu-1-768x1120.jpg 768w, https:\/\/hofrfoto.cz\/wp-content\/uploads\/2025\/09\/Bez-nazvu-1-1054x1536.jpg 1054w, https:\/\/hofrfoto.cz\/wp-content\/uploads\/2025\/09\/Bez-nazvu-1-8x12.jpg 8w, https:\/\/hofrfoto.cz\/wp-content\/uploads\/2025\/09\/Bez-nazvu-1-500x729.jpg 500w, https:\/\/hofrfoto.cz\/wp-content\/uploads\/2025\/09\/Bez-nazvu-1-800x1166.jpg 800w, https:\/\/hofrfoto.cz\/wp-content\/uploads\/2025\/09\/Bez-nazvu-1-1280x1866.jpg 1280w\" sizes=\"(max-width: 1317px) 100vw, 1317px\" \/>\t\t\t\t\t\t\t\t\t<span class=\"overlay\"><\/span>\n\t\t\t\t\t\t\t\t<\/a>\n\t\t\t\t\t\t\t<\/div>\n\t\t\t\t\t\t\t\t\t\t\t\t<div class=\"desc\">\n\t\t\t\t\t\t\t<h3 class=\"text-center text-capitalize\"><a href=\"https:\/\/hofrfoto.cz\/en\/2025\/09\/27\/ws-holandsko\/\">WS Holandsko<\/a><\/h3>\n\t\t\t\t\t\t\t\t\t\t\t\t\t\t\t<div class=\"date_wrap\">\n\t\t\t\t\t\t\t\t\t\t\t\t\t\t\t\t\t\t\t<p class='bd-margin-0'><span title=\"Posted By OtasFoto\"><i class=\"fas fa-user\"><\/i>&nbsp;<a href=\"https:\/\/hofrfoto.cz\/en\/author\/otasfoto\/\"><span>OtasFoto<\/span><\/a><\/span>&nbsp;&nbsp;<\/p>\n\t\t\t\t\t\t\t\t\t\t\t\t\t\t\t\t\t\t\t\t<p class='bd-margin-0'><span class=\"bd-metacomments\"><i class=\"fas fa-comment\"><\/i>&nbsp;<a href=\"https:\/\/hofrfoto.cz\/en\/2025\/09\/27\/ws-holandsko\/#respond\">No Comments<\/a>\t\t\t\t\t\t\t\t\t\t\t<\/span><\/p>\n\t\t\t\t\t\t\t\t\t\t\t\t\t\t\t\t\t\t\t\t<div class=\"bd-datetime\">\n\t\t\t\t\t\t\t\t\t\t\t<span class=\"month\">Sep<\/span><span class=\"date\">27<\/span>\n\t\t\t\t\t\t\t\t\t\t<\/div>\n\t\t\t\t\t\t\t\t\t\t\t\t\t\t\t\t\t<\/div>\n\t\t\t\t\t\t\t\t\t\t\t\t\t\t<div class=\"bd-post-content\">\n\t\t\t\t\t\t\t\t\t\t\t\t\t\t\t<\/div>\n\t\t\t\t\t\t\t\t\t\t\t\t\t\t\t<div class=\"read_more\">\n\t\t\t\t\t\t\t\t\t<a class=\"bd-more-tag\" href=\"https:\/\/hofrfoto.cz\/en\/2025\/09\/27\/ws-holandsko\/\"><i class=\"fas fa-plus\"><\/i> V\u00edce zde <\/a>\t\t\t\t\t\t\t\t<\/div>\n\t\t\t\t\t\t\t\t\t\t\t\t\t<\/div>\n\t\t\t\t\t<\/div>\n\t\t\t\t\t\t\t\t\t\t\t<footer class=\"blog_footer text-capitalize\">\n\t\t\t\t\t\t\t\t\t\t\t\t\t\t\t<p class=\"bd-margin-0\"><span class=\"bd-categories\"><i class=\"fas fa-folder\"><\/i>\n\t\t\t\t\t\t\t\t\t\t<span class=\"bd-link-label\">Categories :&nbsp;<\/span><a href=\"https:\/\/hofrfoto.cz\/en\/category\/cestovani\/\" rel=\"category tag\">Travel<\/a>\t\t\t\t\t\t\t\t\t<\/span>\n\t\t\t\t\t\t\t\t<\/p>\n\t\t\t\t\t\t\t\t\t\t\t\t\t\t\t\t\t<p class=\"bd-margin-0\">\n\t\t\t\t\t\t\t\t\t\t<span class=\"bd-tags\"><i class=\"fas fa-bookmark\"><\/i>\n\t\t\t\t\t\t\t\t\t\t\t<span class=\"bd-link-label\">Tags :&nbsp;<\/span><a href=\"https:\/\/hofrfoto.cz\/en\/tag\/holandsko\/\" rel=\"tag\">Holandsko<\/a>, <a href=\"https:\/\/hofrfoto.cz\/en\/tag\/inverze\/\" rel=\"tag\">inverze<\/a>, <a href=\"https:\/\/hofrfoto.cz\/en\/tag\/tulipany\/\" rel=\"tag\">Tulip\u00e1ny<\/a>, <a href=\"https:\/\/hofrfoto.cz\/en\/tag\/vetrne-mlyny\/\" rel=\"tag\">V\u011btrn\u00e9 ml\u00fdny<\/a>, <a href=\"https:\/\/hofrfoto.cz\/en\/tag\/windmill\/\" rel=\"tag\">windmill<\/a>\t\t\t\t\t\t\t\t\t\t<\/span>\n\t\t\t\t\t\t\t\t\t<\/p>\n\t\t\t\t\t\t\t\t\t\t\t\t\t\t\t\t\t<div class=\"social-component\">\n\t\t\t\t\t\t\t\t\t\t\t\t\t\t\t\t\t\t\t<a data-share=\"facebook\" data-href=\"https:\/\/www.facebook.com\/sharer\/sharer.php\" data-url=\"https:\/\/hofrfoto.cz\/en\/2025\/09\/27\/ws-holandsko\/\" class=\"bd-facebook-share bd-social-share\"><i class=\"fab fa-facebook-f\"><\/i><\/a>\n\t\t\t\t\t\t\t\t\t\t\t\t\t\t\t\t\t\t\t\t<a data-share=\"twitter\" data-href=\"https:\/\/twitter.com\/share\" data-text=\"WS Holandsko\" data-url=\"https:\/\/hofrfoto.cz\/en\/2025\/09\/27\/ws-holandsko\/\" class=\"bd-twitter-share bd-social-share\"><i class=\"fab fa-x-twitter\"><\/i><\/a>\n\t\t\t\t\t\t\t\t\t\t\t\t\t\t\t\t\t\t\t\t<a data-share=\"linkedin\" data-href=\"https:\/\/www.linkedin.com\/shareArticle\" data-url=\"https:\/\/hofrfoto.cz\/en\/2025\/09\/27\/ws-holandsko\/\" class=\"bd-linkedin-share bd-social-share\"><i class=\"fab fa-linkedin-in\"><\/i><\/a>\n\t\t\t\t\t\t\t\t\t\t\t\t\t\t\t\t\t\t\t\t<a data-share=\"pinterest\" href=\"https:\/\/pinterest.com\/pin\/create\/button\/\" data-url=\"https:\/\/hofrfoto.cz\/en\/2025\/09\/27\/ws-holandsko\/\" data-mdia=\"https:\/\/hofrfoto.cz\/wp-content\/uploads\/2025\/09\/Bez-nazvu-1.jpg\" data-rel=\"lightbox-gallery-0\" data-rl_title=\"\" data-rl_caption=\"\" data-description=\"WS Holandsko\" class=\"bd-pinterest-share bd-social-share\" title=\"\" data- target=\"_blank\" rel=\"noopener\"> <i class=\"fab fa-pinterest-p\"><\/i><\/a>\n\t\t\t\t\t\t\t\t\t\t\t\t\t\t\t\t\t<\/div>\n\t\t\t\t\t\t\t\t\t\t\t\t\t\t<\/footer>\n\t\t\t\t\t\t\t\t\t<\/div>\n\t\t\t<\/div>\n\t\t<\/div>\n\t\t<div class=\"timeline_year\"><span class=\"year_wrap\"><span class=\"only_year\">2025<\/span><\/span><\/div>\t\t<div class=\"blog_template bdp_blog_template timeline blog-wrap  odd\">\n\t\t\t<div class=\"post_hentry\"><p><i class=\"fas\" data-fa-pseudo-element=\":before\">\uf303<\/i><\/p><div class=\"post_content_wrap\">\n\t\t\t\t\t<div class=\"post_wrapper box-blog\">\n\t\t\t\t\t\t\t\t\t\t\t\t\t<div class=\"bd-post-image photo\">\n\t\t\t\t\t\t\t\t<a href=\"https:\/\/hofrfoto.cz\/en\/2025\/09\/21\/sumicky-beh-pro-zivot-kompletni-fotogalerie\/\"><img loading=\"lazy\" decoding=\"async\" width=\"854\" height=\"1280\" src=\"https:\/\/hofrfoto.cz\/wp-content\/uploads\/2025\/09\/HO1_2897-2.jpg\" class=\"attachment-full size-full wp-post-image\" alt=\"\" srcset=\"https:\/\/hofrfoto.cz\/wp-content\/uploads\/2025\/09\/HO1_2897-2.jpg 854w, https:\/\/hofrfoto.cz\/wp-content\/uploads\/2025\/09\/HO1_2897-2-200x300.jpg 200w, https:\/\/hofrfoto.cz\/wp-content\/uploads\/2025\/09\/HO1_2897-2-683x1024.jpg 683w, https:\/\/hofrfoto.cz\/wp-content\/uploads\/2025\/09\/HO1_2897-2-768x1151.jpg 768w, https:\/\/hofrfoto.cz\/wp-content\/uploads\/2025\/09\/HO1_2897-2-8x12.jpg 8w, https:\/\/hofrfoto.cz\/wp-content\/uploads\/2025\/09\/HO1_2897-2-500x749.jpg 500w, https:\/\/hofrfoto.cz\/wp-content\/uploads\/2025\/09\/HO1_2897-2-800x1199.jpg 800w\" sizes=\"(max-width: 854px) 100vw, 854px\" \/>\t\t\t\t\t\t\t\t\t<span class=\"overlay\"><\/span>\n\t\t\t\t\t\t\t\t<\/a>\n\t\t\t\t\t\t\t<\/div>\n\t\t\t\t\t\t\t\t\t\t\t\t<div class=\"desc\">\n\t\t\t\t\t\t\t<h3 class=\"text-center text-capitalize\"><a href=\"https:\/\/hofrfoto.cz\/en\/2025\/09\/21\/sumicky-beh-pro-zivot-kompletni-fotogalerie\/\">\u0160umick\u00fd B\u011bh Pro \u017divot &#8211; kompletn\u00ed fotogalerie<\/a><\/h3>\n\t\t\t\t\t\t\t\t\t\t\t\t\t\t\t<div class=\"date_wrap\">\n\t\t\t\t\t\t\t\t\t\t\t\t\t\t\t\t\t\t\t<p class='bd-margin-0'><span title=\"Posted By OtasFoto\"><i class=\"fas fa-user\"><\/i>&nbsp;<a href=\"https:\/\/hofrfoto.cz\/en\/author\/otasfoto\/\"><span>OtasFoto<\/span><\/a><\/span>&nbsp;&nbsp;<\/p>\n\t\t\t\t\t\t\t\t\t\t\t\t\t\t\t\t\t\t\t\t<p class='bd-margin-0'><span class=\"bd-metacomments\"><i class=\"fas fa-comment\"><\/i>&nbsp;<a href=\"https:\/\/hofrfoto.cz\/en\/2025\/09\/21\/sumicky-beh-pro-zivot-kompletni-fotogalerie\/#respond\">No Comments<\/a>\t\t\t\t\t\t\t\t\t\t\t<\/span><\/p>\n\t\t\t\t\t\t\t\t\t\t\t\t\t\t\t\t\t\t\t\t<div class=\"bd-datetime\">\n\t\t\t\t\t\t\t\t\t\t\t<span class=\"month\">Sep<\/span><span class=\"date\">21<\/span>\n\t\t\t\t\t\t\t\t\t\t<\/div>\n\t\t\t\t\t\t\t\t\t\t\t\t\t\t\t\t\t<\/div>\n\t\t\t\t\t\t\t\t\t\t\t\t\t\t<div class=\"bd-post-content\">\n\t\t\t\t\t\t\t\t\t\t\t\t\t\t\t<\/div>\n\t\t\t\t\t\t\t\t\t\t\t\t\t\t\t<div class=\"read_more\">\n\t\t\t\t\t\t\t\t\t<a class=\"bd-more-tag\" href=\"https:\/\/hofrfoto.cz\/en\/2025\/09\/21\/sumicky-beh-pro-zivot-kompletni-fotogalerie\/\"><i class=\"fas fa-plus\"><\/i> V\u00edce zde <\/a>\t\t\t\t\t\t\t\t<\/div>\n\t\t\t\t\t\t\t\t\t\t\t\t\t<\/div>\n\t\t\t\t\t<\/div>\n\t\t\t\t\t\t\t\t\t\t\t<footer class=\"blog_footer text-capitalize\">\n\t\t\t\t\t\t\t\t\t\t\t\t\t\t\t<p class=\"bd-margin-0\"><span class=\"bd-categories\"><i class=\"fas fa-folder\"><\/i>\n\t\t\t\t\t\t\t\t\t\t<span class=\"bd-link-label\">Categories :&nbsp;<\/span><a href=\"https:\/\/hofrfoto.cz\/en\/category\/akce\/\" rel=\"category tag\">Party<\/a>\t\t\t\t\t\t\t\t\t<\/span>\n\t\t\t\t\t\t\t\t<\/p>\n\t\t\t\t\t\t\t\t\t\t\t\t\t\t\t\t\t<p class=\"bd-margin-0\">\n\t\t\t\t\t\t\t\t\t\t<span class=\"bd-tags\"><i class=\"fas fa-bookmark\"><\/i>\n\t\t\t\t\t\t\t\t\t\t\t<span class=\"bd-link-label\">Tags :&nbsp;<\/span><a href=\"https:\/\/hofrfoto.cz\/en\/tag\/beh-pro-zivot\/\" rel=\"tag\">B\u011bh pro \u017eivot<\/a>, <a href=\"https:\/\/hofrfoto.cz\/en\/tag\/beh-pro-zivot-2025\/\" rel=\"tag\">B\u011bh pro \u017eivot 2025<\/a>, <a href=\"https:\/\/hofrfoto.cz\/en\/tag\/besednici\/\" rel=\"tag\">Besedn\u00edci<\/a>, <a href=\"https:\/\/hofrfoto.cz\/en\/tag\/sumice\/\" rel=\"tag\">\u0160umice<\/a>\t\t\t\t\t\t\t\t\t\t<\/span>\n\t\t\t\t\t\t\t\t\t<\/p>\n\t\t\t\t\t\t\t\t\t\t\t\t\t\t\t\t\t<div class=\"social-component\">\n\t\t\t\t\t\t\t\t\t\t\t\t\t\t\t\t\t\t\t<a data-share=\"facebook\" data-href=\"https:\/\/www.facebook.com\/sharer\/sharer.php\" data-url=\"https:\/\/hofrfoto.cz\/en\/2025\/09\/21\/sumicky-beh-pro-zivot-kompletni-fotogalerie\/\" class=\"bd-facebook-share bd-social-share\"><i class=\"fab fa-facebook-f\"><\/i><\/a>\n\t\t\t\t\t\t\t\t\t\t\t\t\t\t\t\t\t\t\t\t<a data-share=\"twitter\" data-href=\"https:\/\/twitter.com\/share\" data-text=\"\u0160umick\u00fd B\u011bh Pro \u017divot &#8211; kompletn\u00ed fotogalerie\" data-url=\"https:\/\/hofrfoto.cz\/en\/2025\/09\/21\/sumicky-beh-pro-zivot-kompletni-fotogalerie\/\" class=\"bd-twitter-share bd-social-share\"><i class=\"fab fa-x-twitter\"><\/i><\/a>\n\t\t\t\t\t\t\t\t\t\t\t\t\t\t\t\t\t\t\t\t<a data-share=\"linkedin\" data-href=\"https:\/\/www.linkedin.com\/shareArticle\" data-url=\"https:\/\/hofrfoto.cz\/en\/2025\/09\/21\/sumicky-beh-pro-zivot-kompletni-fotogalerie\/\" class=\"bd-linkedin-share bd-social-share\"><i class=\"fab fa-linkedin-in\"><\/i><\/a>\n\t\t\t\t\t\t\t\t\t\t\t\t\t\t\t\t\t\t\t\t<a data-share=\"pinterest\" href=\"https:\/\/pinterest.com\/pin\/create\/button\/\" data-url=\"https:\/\/hofrfoto.cz\/en\/2025\/09\/21\/sumicky-beh-pro-zivot-kompletni-fotogalerie\/\" data-mdia=\"https:\/\/hofrfoto.cz\/wp-content\/uploads\/2025\/09\/HO1_2897-2.jpg\" data-rel=\"lightbox-gallery-0\" data-rl_title=\"\" data-rl_caption=\"\" data-description=\"\u0160umick\u00fd B\u011bh Pro \u017divot &#8211; kompletn\u00ed fotogalerie\" class=\"bd-pinterest-share bd-social-share\" title=\"\" data- target=\"_blank\" rel=\"noopener\"> <i class=\"fab fa-pinterest-p\"><\/i><\/a>\n\t\t\t\t\t\t\t\t\t\t\t\t\t\t\t\t\t<\/div>\n\t\t\t\t\t\t\t\t\t\t\t\t\t\t<\/footer>\n\t\t\t\t\t\t\t\t\t<\/div>\n\t\t\t<\/div>\n\t\t<\/div>\n\t\t<div class=\"timeline_year\"><span class=\"year_wrap\"><span class=\"only_year\">2025<\/span><\/span><\/div>\t\t<div class=\"blog_template bdp_blog_template timeline blog-wrap  even\">\n\t\t\t<div class=\"post_hentry\"><p><i class=\"fas\" data-fa-pseudo-element=\":before\">\uf303<\/i><\/p><div class=\"post_content_wrap\">\n\t\t\t\t\t<div class=\"post_wrapper box-blog\">\n\t\t\t\t\t\t\t\t\t\t\t\t\t<div class=\"bd-post-image photo\">\n\t\t\t\t\t\t\t\t<a href=\"https:\/\/hofrfoto.cz\/en\/2025\/09\/20\/sumicky-beh-pro-zivot-vitezove\/\"><img loading=\"lazy\" decoding=\"async\" width=\"1917\" height=\"1280\" src=\"https:\/\/hofrfoto.cz\/wp-content\/uploads\/2025\/09\/HO1_2827-1.jpg\" class=\"attachment-full size-full wp-post-image\" alt=\"\" srcset=\"https:\/\/hofrfoto.cz\/wp-content\/uploads\/2025\/09\/HO1_2827-1.jpg 1917w, https:\/\/hofrfoto.cz\/wp-content\/uploads\/2025\/09\/HO1_2827-1-300x200.jpg 300w, https:\/\/hofrfoto.cz\/wp-content\/uploads\/2025\/09\/HO1_2827-1-1024x684.jpg 1024w, https:\/\/hofrfoto.cz\/wp-content\/uploads\/2025\/09\/HO1_2827-1-768x513.jpg 768w, https:\/\/hofrfoto.cz\/wp-content\/uploads\/2025\/09\/HO1_2827-1-1536x1026.jpg 1536w, https:\/\/hofrfoto.cz\/wp-content\/uploads\/2025\/09\/HO1_2827-1-18x12.jpg 18w, https:\/\/hofrfoto.cz\/wp-content\/uploads\/2025\/09\/HO1_2827-1-500x334.jpg 500w, https:\/\/hofrfoto.cz\/wp-content\/uploads\/2025\/09\/HO1_2827-1-800x534.jpg 800w, https:\/\/hofrfoto.cz\/wp-content\/uploads\/2025\/09\/HO1_2827-1-1280x855.jpg 1280w\" sizes=\"(max-width: 1917px) 100vw, 1917px\" \/>\t\t\t\t\t\t\t\t\t<span class=\"overlay\"><\/span>\n\t\t\t\t\t\t\t\t<\/a>\n\t\t\t\t\t\t\t<\/div>\n\t\t\t\t\t\t\t\t\t\t\t\t<div class=\"desc\">\n\t\t\t\t\t\t\t<h3 class=\"text-center text-capitalize\"><a href=\"https:\/\/hofrfoto.cz\/en\/2025\/09\/20\/sumicky-beh-pro-zivot-vitezove\/\">\u0160umick\u00fd B\u011bh Pro \u017divot &#8211; V\u00edt\u011bzov\u00e9<\/a><\/h3>\n\t\t\t\t\t\t\t\t\t\t\t\t\t\t\t<div class=\"date_wrap\">\n\t\t\t\t\t\t\t\t\t\t\t\t\t\t\t\t\t\t\t<p class='bd-margin-0'><span title=\"Posted By OtasFoto\"><i class=\"fas fa-user\"><\/i>&nbsp;<a href=\"https:\/\/hofrfoto.cz\/en\/author\/otasfoto\/\"><span>OtasFoto<\/span><\/a><\/span>&nbsp;&nbsp;<\/p>\n\t\t\t\t\t\t\t\t\t\t\t\t\t\t\t\t\t\t\t\t<p class='bd-margin-0'><span class=\"bd-metacomments\"><i class=\"fas fa-comment\"><\/i>&nbsp;<a href=\"https:\/\/hofrfoto.cz\/en\/2025\/09\/20\/sumicky-beh-pro-zivot-vitezove\/#respond\">No Comments<\/a>\t\t\t\t\t\t\t\t\t\t\t<\/span><\/p>\n\t\t\t\t\t\t\t\t\t\t\t\t\t\t\t\t\t\t\t\t<div class=\"bd-datetime\">\n\t\t\t\t\t\t\t\t\t\t\t<span class=\"month\">Sep<\/span><span class=\"date\">20<\/span>\n\t\t\t\t\t\t\t\t\t\t<\/div>\n\t\t\t\t\t\t\t\t\t\t\t\t\t\t\t\t\t<\/div>\n\t\t\t\t\t\t\t\t\t\t\t\t\t\t<div class=\"bd-post-content\">\n\t\t\t\t\t\t\t\t\t\t\t\t\t\t\t<\/div>\n\t\t\t\t\t\t\t\t\t\t\t\t\t\t\t<div class=\"read_more\">\n\t\t\t\t\t\t\t\t\t<a class=\"bd-more-tag\" href=\"https:\/\/hofrfoto.cz\/en\/2025\/09\/20\/sumicky-beh-pro-zivot-vitezove\/\"><i class=\"fas fa-plus\"><\/i> V\u00edce zde <\/a>\t\t\t\t\t\t\t\t<\/div>\n\t\t\t\t\t\t\t\t\t\t\t\t\t<\/div>\n\t\t\t\t\t<\/div>\n\t\t\t\t\t\t\t\t\t\t\t<footer class=\"blog_footer text-capitalize\">\n\t\t\t\t\t\t\t\t\t\t\t\t\t\t\t<p class=\"bd-margin-0\"><span class=\"bd-categories\"><i class=\"fas fa-folder\"><\/i>\n\t\t\t\t\t\t\t\t\t\t<span class=\"bd-link-label\">Categories :&nbsp;<\/span><a href=\"https:\/\/hofrfoto.cz\/en\/category\/akce\/\" rel=\"category tag\">Party<\/a>\t\t\t\t\t\t\t\t\t<\/span>\n\t\t\t\t\t\t\t\t<\/p>\n\t\t\t\t\t\t\t\t\t\t\t\t\t\t\t\t\t<p class=\"bd-margin-0\">\n\t\t\t\t\t\t\t\t\t\t<span class=\"bd-tags\"><i class=\"fas fa-bookmark\"><\/i>\n\t\t\t\t\t\t\t\t\t\t\t<span class=\"bd-link-label\">Tags :&nbsp;<\/span><a href=\"https:\/\/hofrfoto.cz\/en\/tag\/beh-pro-zivot\/\" rel=\"tag\">B\u011bh pro \u017eivot<\/a>, <a href=\"https:\/\/hofrfoto.cz\/en\/tag\/beh-pro-zivot-2025\/\" rel=\"tag\">B\u011bh pro \u017eivot 2025<\/a>, <a href=\"https:\/\/hofrfoto.cz\/en\/tag\/besednici\/\" rel=\"tag\">Besedn\u00edci<\/a>, <a href=\"https:\/\/hofrfoto.cz\/en\/tag\/sumice\/\" rel=\"tag\">\u0160umice<\/a>\t\t\t\t\t\t\t\t\t\t<\/span>\n\t\t\t\t\t\t\t\t\t<\/p>\n\t\t\t\t\t\t\t\t\t\t\t\t\t\t\t\t\t<div class=\"social-component\">\n\t\t\t\t\t\t\t\t\t\t\t\t\t\t\t\t\t\t\t<a data-share=\"facebook\" data-href=\"https:\/\/www.facebook.com\/sharer\/sharer.php\" data-url=\"https:\/\/hofrfoto.cz\/en\/2025\/09\/20\/sumicky-beh-pro-zivot-vitezove\/\" class=\"bd-facebook-share bd-social-share\"><i class=\"fab fa-facebook-f\"><\/i><\/a>\n\t\t\t\t\t\t\t\t\t\t\t\t\t\t\t\t\t\t\t\t<a data-share=\"twitter\" data-href=\"https:\/\/twitter.com\/share\" data-text=\"\u0160umick\u00fd B\u011bh Pro \u017divot &#8211; V\u00edt\u011bzov\u00e9\" data-url=\"https:\/\/hofrfoto.cz\/en\/2025\/09\/20\/sumicky-beh-pro-zivot-vitezove\/\" class=\"bd-twitter-share bd-social-share\"><i class=\"fab fa-x-twitter\"><\/i><\/a>\n\t\t\t\t\t\t\t\t\t\t\t\t\t\t\t\t\t\t\t\t<a data-share=\"linkedin\" data-href=\"https:\/\/www.linkedin.com\/shareArticle\" data-url=\"https:\/\/hofrfoto.cz\/en\/2025\/09\/20\/sumicky-beh-pro-zivot-vitezove\/\" class=\"bd-linkedin-share bd-social-share\"><i class=\"fab fa-linkedin-in\"><\/i><\/a>\n\t\t\t\t\t\t\t\t\t\t\t\t\t\t\t\t\t\t\t\t<a data-share=\"pinterest\" href=\"https:\/\/pinterest.com\/pin\/create\/button\/\" data-url=\"https:\/\/hofrfoto.cz\/en\/2025\/09\/20\/sumicky-beh-pro-zivot-vitezove\/\" data-mdia=\"https:\/\/hofrfoto.cz\/wp-content\/uploads\/2025\/09\/HO1_2827-1.jpg\" data-rel=\"lightbox-gallery-0\" data-rl_title=\"\" data-rl_caption=\"\" data-description=\"\u0160umick\u00fd B\u011bh Pro \u017divot &#8211; V\u00edt\u011bzov\u00e9\" class=\"bd-pinterest-share bd-social-share\" title=\"\" data- target=\"_blank\" rel=\"noopener\"> <i class=\"fab fa-pinterest-p\"><\/i><\/a>\n\t\t\t\t\t\t\t\t\t\t\t\t\t\t\t\t\t<\/div>\n\t\t\t\t\t\t\t\t\t\t\t\t\t\t<\/footer>\n\t\t\t\t\t\t\t\t\t<\/div>\n\t\t\t<\/div>\n\t\t<\/div>\n\t\t<div class=\"timeline_year\"><span class=\"year_wrap\"><span class=\"only_year\">2025<\/span><\/span><\/div>\t\t<div class=\"blog_template bdp_blog_template timeline blog-wrap  odd\">\n\t\t\t<div class=\"post_hentry\"><p><i class=\"fas\" data-fa-pseudo-element=\":before\">\uf303<\/i><\/p><div class=\"post_content_wrap\">\n\t\t\t\t\t<div class=\"post_wrapper box-blog\">\n\t\t\t\t\t\t\t\t\t\t\t\t\t<div class=\"bd-post-image photo\">\n\t\t\t\t\t\t\t\t<a href=\"https:\/\/hofrfoto.cz\/en\/2025\/07\/13\/masters-of-rock-2025-sobota\/\"><img loading=\"lazy\" decoding=\"async\" width=\"1917\" height=\"1280\" src=\"https:\/\/hofrfoto.cz\/wp-content\/uploads\/2025\/07\/HO1_9956_1.jpg\" class=\"attachment-full size-full wp-post-image\" alt=\"\" srcset=\"https:\/\/hofrfoto.cz\/wp-content\/uploads\/2025\/07\/HO1_9956_1.jpg 1917w, https:\/\/hofrfoto.cz\/wp-content\/uploads\/2025\/07\/HO1_9956_1-300x200.jpg 300w, https:\/\/hofrfoto.cz\/wp-content\/uploads\/2025\/07\/HO1_9956_1-1024x684.jpg 1024w, https:\/\/hofrfoto.cz\/wp-content\/uploads\/2025\/07\/HO1_9956_1-768x513.jpg 768w, https:\/\/hofrfoto.cz\/wp-content\/uploads\/2025\/07\/HO1_9956_1-1536x1026.jpg 1536w, https:\/\/hofrfoto.cz\/wp-content\/uploads\/2025\/07\/HO1_9956_1-18x12.jpg 18w, https:\/\/hofrfoto.cz\/wp-content\/uploads\/2025\/07\/HO1_9956_1-500x334.jpg 500w, https:\/\/hofrfoto.cz\/wp-content\/uploads\/2025\/07\/HO1_9956_1-800x534.jpg 800w, https:\/\/hofrfoto.cz\/wp-content\/uploads\/2025\/07\/HO1_9956_1-1280x855.jpg 1280w\" sizes=\"(max-width: 1917px) 100vw, 1917px\" \/>\t\t\t\t\t\t\t\t\t<span class=\"overlay\"><\/span>\n\t\t\t\t\t\t\t\t<\/a>\n\t\t\t\t\t\t\t<\/div>\n\t\t\t\t\t\t\t\t\t\t\t\t<div class=\"desc\">\n\t\t\t\t\t\t\t<h3 class=\"text-center text-capitalize\"><a href=\"https:\/\/hofrfoto.cz\/en\/2025\/07\/13\/masters-of-rock-2025-sobota\/\">Masters of Rock 2025 &#8211; sobota<\/a><\/h3>\n\t\t\t\t\t\t\t\t\t\t\t\t\t\t\t<div class=\"date_wrap\">\n\t\t\t\t\t\t\t\t\t\t\t\t\t\t\t\t\t\t\t<p class='bd-margin-0'><span title=\"Posted By OtasFoto\"><i class=\"fas fa-user\"><\/i>&nbsp;<a href=\"https:\/\/hofrfoto.cz\/en\/author\/otasfoto\/\"><span>OtasFoto<\/span><\/a><\/span>&nbsp;&nbsp;<\/p>\n\t\t\t\t\t\t\t\t\t\t\t\t\t\t\t\t\t\t\t\t<p class='bd-margin-0'><span class=\"bd-metacomments\"><i class=\"fas fa-comment\"><\/i>&nbsp;<a href=\"https:\/\/hofrfoto.cz\/en\/2025\/07\/13\/masters-of-rock-2025-sobota\/#respond\">No Comments<\/a>\t\t\t\t\t\t\t\t\t\t\t<\/span><\/p>\n\t\t\t\t\t\t\t\t\t\t\t\t\t\t\t\t\t\t\t\t<div class=\"bd-datetime\">\n\t\t\t\t\t\t\t\t\t\t\t<span class=\"month\">Jul<\/span><span class=\"date\">13<\/span>\n\t\t\t\t\t\t\t\t\t\t<\/div>\n\t\t\t\t\t\t\t\t\t\t\t\t\t\t\t\t\t<\/div>\n\t\t\t\t\t\t\t\t\t\t\t\t\t\t<div class=\"bd-post-content\">\n\t\t\t\t\t\t\t\t\t\t\t\t\t\t\t<\/div>\n\t\t\t\t\t\t\t\t\t\t\t\t\t\t\t<div class=\"read_more\">\n\t\t\t\t\t\t\t\t\t<a class=\"bd-more-tag\" href=\"https:\/\/hofrfoto.cz\/en\/2025\/07\/13\/masters-of-rock-2025-sobota\/\"><i class=\"fas fa-plus\"><\/i> V\u00edce zde <\/a>\t\t\t\t\t\t\t\t<\/div>\n\t\t\t\t\t\t\t\t\t\t\t\t\t<\/div>\n\t\t\t\t\t<\/div>\n\t\t\t\t\t\t\t\t\t\t\t<footer class=\"blog_footer text-capitalize\">\n\t\t\t\t\t\t\t\t\t\t\t\t\t\t\t<p class=\"bd-margin-0\"><span class=\"bd-categories\"><i class=\"fas fa-folder\"><\/i>\n\t\t\t\t\t\t\t\t\t\t<span class=\"bd-link-label\">Categories :&nbsp;<\/span><a href=\"https:\/\/hofrfoto.cz\/en\/category\/koncerty-a-festivaly\/\" rel=\"category tag\">Concerts and festivals<\/a>\t\t\t\t\t\t\t\t\t<\/span>\n\t\t\t\t\t\t\t\t<\/p>\n\t\t\t\t\t\t\t\t\t\t\t\t\t\t\t\t\t<p class=\"bd-margin-0\">\n\t\t\t\t\t\t\t\t\t\t<span class=\"bd-tags\"><i class=\"fas fa-bookmark\"><\/i>\n\t\t\t\t\t\t\t\t\t\t\t<span class=\"bd-link-label\">Tags :&nbsp;<\/span><a href=\"https:\/\/hofrfoto.cz\/en\/tag\/floor-jansen\/\" rel=\"tag\">Floor Jansen<\/a>, <a href=\"https:\/\/hofrfoto.cz\/en\/tag\/glory-hammer\/\" rel=\"tag\">Glory Hammer<\/a>, <a href=\"https:\/\/hofrfoto.cz\/en\/tag\/hammerfall\/\" rel=\"tag\">Hammerfall<\/a>, <a href=\"https:\/\/hofrfoto.cz\/en\/tag\/masters-of-rock\/\" rel=\"tag\">Masters of Rock<\/a>, <a href=\"https:\/\/hofrfoto.cz\/en\/tag\/masters-of-rock-2025\/\" rel=\"tag\">Masters of Rock 2025<\/a>, <a href=\"https:\/\/hofrfoto.cz\/en\/tag\/vizovice\/\" rel=\"tag\">Vizovice<\/a>\t\t\t\t\t\t\t\t\t\t<\/span>\n\t\t\t\t\t\t\t\t\t<\/p>\n\t\t\t\t\t\t\t\t\t\t\t\t\t\t\t\t\t<div class=\"social-component\">\n\t\t\t\t\t\t\t\t\t\t\t\t\t\t\t\t\t\t\t<a data-share=\"facebook\" data-href=\"https:\/\/www.facebook.com\/sharer\/sharer.php\" data-url=\"https:\/\/hofrfoto.cz\/en\/2025\/07\/13\/masters-of-rock-2025-sobota\/\" class=\"bd-facebook-share bd-social-share\"><i class=\"fab fa-facebook-f\"><\/i><\/a>\n\t\t\t\t\t\t\t\t\t\t\t\t\t\t\t\t\t\t\t\t<a data-share=\"twitter\" data-href=\"https:\/\/twitter.com\/share\" data-text=\"Masters of Rock 2025 &#8211; sobota\" data-url=\"https:\/\/hofrfoto.cz\/en\/2025\/07\/13\/masters-of-rock-2025-sobota\/\" class=\"bd-twitter-share bd-social-share\"><i class=\"fab fa-x-twitter\"><\/i><\/a>\n\t\t\t\t\t\t\t\t\t\t\t\t\t\t\t\t\t\t\t\t<a data-share=\"linkedin\" data-href=\"https:\/\/www.linkedin.com\/shareArticle\" data-url=\"https:\/\/hofrfoto.cz\/en\/2025\/07\/13\/masters-of-rock-2025-sobota\/\" class=\"bd-linkedin-share bd-social-share\"><i class=\"fab fa-linkedin-in\"><\/i><\/a>\n\t\t\t\t\t\t\t\t\t\t\t\t\t\t\t\t\t\t\t\t<a data-share=\"pinterest\" href=\"https:\/\/pinterest.com\/pin\/create\/button\/\" data-url=\"https:\/\/hofrfoto.cz\/en\/2025\/07\/13\/masters-of-rock-2025-sobota\/\" data-mdia=\"https:\/\/hofrfoto.cz\/wp-content\/uploads\/2025\/07\/HO1_9956_1.jpg\" data-rel=\"lightbox-gallery-0\" data-rl_title=\"\" data-rl_caption=\"\" data-description=\"Masters of Rock 2025 &#8211; sobota\" class=\"bd-pinterest-share bd-social-share\" title=\"\" data- target=\"_blank\" rel=\"noopener\"> <i class=\"fab fa-pinterest-p\"><\/i><\/a>\n\t\t\t\t\t\t\t\t\t\t\t\t\t\t\t\t\t<\/div>\n\t\t\t\t\t\t\t\t\t\t\t\t\t\t<\/footer>\n\t\t\t\t\t\t\t\t\t<\/div>\n\t\t\t<\/div>\n\t\t<\/div>\n\t\t<div class=\"timeline_year\"><span class=\"year_wrap\"><span class=\"only_year\">2025<\/span><\/span><\/div>\t\t<div class=\"blog_template bdp_blog_template timeline blog-wrap  even\">\n\t\t\t<div class=\"post_hentry\"><p><i class=\"fas\" data-fa-pseudo-element=\":before\">\uf303<\/i><\/p><div class=\"post_content_wrap\">\n\t\t\t\t\t<div class=\"post_wrapper box-blog\">\n\t\t\t\t\t\t\t\t\t\t\t\t\t<div class=\"bd-post-image photo\">\n\t\t\t\t\t\t\t\t<a href=\"https:\/\/hofrfoto.cz\/en\/2025\/07\/12\/masters-of-rock-patek\/\"><img loading=\"lazy\" decoding=\"async\" width=\"1918\" height=\"1280\" src=\"https:\/\/hofrfoto.cz\/wp-content\/uploads\/2025\/07\/HO1_9400.jpg\" class=\"attachment-full size-full wp-post-image\" alt=\"\" srcset=\"https:\/\/hofrfoto.cz\/wp-content\/uploads\/2025\/07\/HO1_9400.jpg 1918w, https:\/\/hofrfoto.cz\/wp-content\/uploads\/2025\/07\/HO1_9400-300x200.jpg 300w, https:\/\/hofrfoto.cz\/wp-content\/uploads\/2025\/07\/HO1_9400-1024x683.jpg 1024w, https:\/\/hofrfoto.cz\/wp-content\/uploads\/2025\/07\/HO1_9400-768x513.jpg 768w, https:\/\/hofrfoto.cz\/wp-content\/uploads\/2025\/07\/HO1_9400-1536x1025.jpg 1536w, https:\/\/hofrfoto.cz\/wp-content\/uploads\/2025\/07\/HO1_9400-18x12.jpg 18w, https:\/\/hofrfoto.cz\/wp-content\/uploads\/2025\/07\/HO1_9400-500x334.jpg 500w, https:\/\/hofrfoto.cz\/wp-content\/uploads\/2025\/07\/HO1_9400-800x534.jpg 800w, https:\/\/hofrfoto.cz\/wp-content\/uploads\/2025\/07\/HO1_9400-1280x854.jpg 1280w\" sizes=\"(max-width: 1918px) 100vw, 1918px\" \/>\t\t\t\t\t\t\t\t\t<span class=\"overlay\"><\/span>\n\t\t\t\t\t\t\t\t<\/a>\n\t\t\t\t\t\t\t<\/div>\n\t\t\t\t\t\t\t\t\t\t\t\t<div class=\"desc\">\n\t\t\t\t\t\t\t<h3 class=\"text-center text-capitalize\"><a href=\"https:\/\/hofrfoto.cz\/en\/2025\/07\/12\/masters-of-rock-patek\/\">Masters of Rock 2025 &#8211; p\u00e1tek<\/a><\/h3>\n\t\t\t\t\t\t\t\t\t\t\t\t\t\t\t<div class=\"date_wrap\">\n\t\t\t\t\t\t\t\t\t\t\t\t\t\t\t\t\t\t\t<p class='bd-margin-0'><span title=\"Posted By OtasFoto\"><i class=\"fas fa-user\"><\/i>&nbsp;<a href=\"https:\/\/hofrfoto.cz\/en\/author\/otasfoto\/\"><span>OtasFoto<\/span><\/a><\/span>&nbsp;&nbsp;<\/p>\n\t\t\t\t\t\t\t\t\t\t\t\t\t\t\t\t\t\t\t\t<p class='bd-margin-0'><span class=\"bd-metacomments\"><i class=\"fas fa-comment\"><\/i>&nbsp;<a href=\"https:\/\/hofrfoto.cz\/en\/2025\/07\/12\/masters-of-rock-patek\/#respond\">No Comments<\/a>\t\t\t\t\t\t\t\t\t\t\t<\/span><\/p>\n\t\t\t\t\t\t\t\t\t\t\t\t\t\t\t\t\t\t\t\t<div class=\"bd-datetime\">\n\t\t\t\t\t\t\t\t\t\t\t<span class=\"month\">Jul<\/span><span class=\"date\">12<\/span>\n\t\t\t\t\t\t\t\t\t\t<\/div>\n\t\t\t\t\t\t\t\t\t\t\t\t\t\t\t\t\t<\/div>\n\t\t\t\t\t\t\t\t\t\t\t\t\t\t<div class=\"bd-post-content\">\n\t\t\t\t\t\t\t\t\t\t\t\t\t\t\t<\/div>\n\t\t\t\t\t\t\t\t\t\t\t\t\t\t\t<div class=\"read_more\">\n\t\t\t\t\t\t\t\t\t<a class=\"bd-more-tag\" href=\"https:\/\/hofrfoto.cz\/en\/2025\/07\/12\/masters-of-rock-patek\/\"><i class=\"fas fa-plus\"><\/i> V\u00edce zde <\/a>\t\t\t\t\t\t\t\t<\/div>\n\t\t\t\t\t\t\t\t\t\t\t\t\t<\/div>\n\t\t\t\t\t<\/div>\n\t\t\t\t\t\t\t\t\t\t\t<footer class=\"blog_footer text-capitalize\">\n\t\t\t\t\t\t\t\t\t\t\t\t\t\t\t<p class=\"bd-margin-0\"><span class=\"bd-categories\"><i class=\"fas fa-folder\"><\/i>\n\t\t\t\t\t\t\t\t\t\t<span class=\"bd-link-label\">Categories :&nbsp;<\/span><a href=\"https:\/\/hofrfoto.cz\/en\/category\/koncerty-a-festivaly\/\" rel=\"category tag\">Concerts and festivals<\/a>\t\t\t\t\t\t\t\t\t<\/span>\n\t\t\t\t\t\t\t\t<\/p>\n\t\t\t\t\t\t\t\t\t\t\t\t\t\t\t\t\t<p class=\"bd-margin-0\">\n\t\t\t\t\t\t\t\t\t\t<span class=\"bd-tags\"><i class=\"fas fa-bookmark\"><\/i>\n\t\t\t\t\t\t\t\t\t\t\t<span class=\"bd-link-label\">Tags :&nbsp;<\/span><a href=\"https:\/\/hofrfoto.cz\/en\/tag\/dartagnan\/\" rel=\"tag\">Dartagnan<\/a>, <a href=\"https:\/\/hofrfoto.cz\/en\/tag\/kanonenfieber\/\" rel=\"tag\">Kanonenfieber<\/a>, <a href=\"https:\/\/hofrfoto.cz\/en\/tag\/lita-ford\/\" rel=\"tag\">Lita Ford<\/a>, <a href=\"https:\/\/hofrfoto.cz\/en\/tag\/masters-of-rock\/\" rel=\"tag\">Masters of Rock<\/a>, <a href=\"https:\/\/hofrfoto.cz\/en\/tag\/masters-of-rock-2025\/\" rel=\"tag\">Masters of Rock 2025<\/a>, <a href=\"https:\/\/hofrfoto.cz\/en\/tag\/soulfly\/\" rel=\"tag\">Soulfly<\/a>, <a href=\"https:\/\/hofrfoto.cz\/en\/tag\/till-lindemann\/\" rel=\"tag\">Till Lindemann<\/a>, <a href=\"https:\/\/hofrfoto.cz\/en\/tag\/van-canto\/\" rel=\"tag\">Van Canto<\/a>, <a href=\"https:\/\/hofrfoto.cz\/en\/tag\/vizovice\/\" rel=\"tag\">Vizovice<\/a>\t\t\t\t\t\t\t\t\t\t<\/span>\n\t\t\t\t\t\t\t\t\t<\/p>\n\t\t\t\t\t\t\t\t\t\t\t\t\t\t\t\t\t<div class=\"social-component\">\n\t\t\t\t\t\t\t\t\t\t\t\t\t\t\t\t\t\t\t<a data-share=\"facebook\" data-href=\"https:\/\/www.facebook.com\/sharer\/sharer.php\" data-url=\"https:\/\/hofrfoto.cz\/en\/2025\/07\/12\/masters-of-rock-patek\/\" class=\"bd-facebook-share bd-social-share\"><i class=\"fab fa-facebook-f\"><\/i><\/a>\n\t\t\t\t\t\t\t\t\t\t\t\t\t\t\t\t\t\t\t\t<a data-share=\"twitter\" data-href=\"https:\/\/twitter.com\/share\" data-text=\"Masters of Rock 2025 &#8211; p\u00e1tek\" data-url=\"https:\/\/hofrfoto.cz\/en\/2025\/07\/12\/masters-of-rock-patek\/\" class=\"bd-twitter-share bd-social-share\"><i class=\"fab fa-x-twitter\"><\/i><\/a>\n\t\t\t\t\t\t\t\t\t\t\t\t\t\t\t\t\t\t\t\t<a data-share=\"linkedin\" data-href=\"https:\/\/www.linkedin.com\/shareArticle\" data-url=\"https:\/\/hofrfoto.cz\/en\/2025\/07\/12\/masters-of-rock-patek\/\" class=\"bd-linkedin-share bd-social-share\"><i class=\"fab fa-linkedin-in\"><\/i><\/a>\n\t\t\t\t\t\t\t\t\t\t\t\t\t\t\t\t\t\t\t\t<a data-share=\"pinterest\" href=\"https:\/\/pinterest.com\/pin\/create\/button\/\" data-url=\"https:\/\/hofrfoto.cz\/en\/2025\/07\/12\/masters-of-rock-patek\/\" data-mdia=\"https:\/\/hofrfoto.cz\/wp-content\/uploads\/2025\/07\/HO1_9400.jpg\" data-rel=\"lightbox-gallery-0\" data-rl_title=\"\" data-rl_caption=\"\" data-description=\"Masters of Rock 2025 &#8211; p\u00e1tek\" class=\"bd-pinterest-share bd-social-share\" title=\"\" data- target=\"_blank\" rel=\"noopener\"> <i class=\"fab fa-pinterest-p\"><\/i><\/a>\n\t\t\t\t\t\t\t\t\t\t\t\t\t\t\t\t\t<\/div>\n\t\t\t\t\t\t\t\t\t\t\t\t\t\t<\/footer>\n\t\t\t\t\t\t\t\t\t<\/div>\n\t\t\t<\/div>\n\t\t<\/div>\n\t\t<div class=\"timeline_year\"><span class=\"year_wrap\"><span class=\"only_year\">2025<\/span><\/span><\/div>\t\t<div class=\"blog_template bdp_blog_template timeline blog-wrap  odd\">\n\t\t\t<div class=\"post_hentry\"><p><i class=\"fas\" data-fa-pseudo-element=\":before\">\uf303<\/i><\/p><div class=\"post_content_wrap\">\n\t\t\t\t\t<div class=\"post_wrapper box-blog\">\n\t\t\t\t\t\t\t\t\t\t\t\t\t<div class=\"bd-post-image photo\">\n\t\t\t\t\t\t\t\t<a href=\"https:\/\/hofrfoto.cz\/en\/2025\/07\/11\/masters-of-rock-2025-ctvrtek\/\"><img loading=\"lazy\" decoding=\"async\" width=\"1917\" height=\"1280\" src=\"https:\/\/hofrfoto.cz\/wp-content\/uploads\/2025\/07\/HOF_7515.jpg\" class=\"attachment-full size-full wp-post-image\" alt=\"\" srcset=\"https:\/\/hofrfoto.cz\/wp-content\/uploads\/2025\/07\/HOF_7515.jpg 1917w, https:\/\/hofrfoto.cz\/wp-content\/uploads\/2025\/07\/HOF_7515-300x200.jpg 300w, https:\/\/hofrfoto.cz\/wp-content\/uploads\/2025\/07\/HOF_7515-1024x684.jpg 1024w, https:\/\/hofrfoto.cz\/wp-content\/uploads\/2025\/07\/HOF_7515-768x513.jpg 768w, https:\/\/hofrfoto.cz\/wp-content\/uploads\/2025\/07\/HOF_7515-1536x1026.jpg 1536w, https:\/\/hofrfoto.cz\/wp-content\/uploads\/2025\/07\/HOF_7515-18x12.jpg 18w, https:\/\/hofrfoto.cz\/wp-content\/uploads\/2025\/07\/HOF_7515-500x334.jpg 500w, https:\/\/hofrfoto.cz\/wp-content\/uploads\/2025\/07\/HOF_7515-800x534.jpg 800w, https:\/\/hofrfoto.cz\/wp-content\/uploads\/2025\/07\/HOF_7515-1280x855.jpg 1280w\" sizes=\"(max-width: 1917px) 100vw, 1917px\" \/>\t\t\t\t\t\t\t\t\t<span class=\"overlay\"><\/span>\n\t\t\t\t\t\t\t\t<\/a>\n\t\t\t\t\t\t\t<\/div>\n\t\t\t\t\t\t\t\t\t\t\t\t<div class=\"desc\">\n\t\t\t\t\t\t\t<h3 class=\"text-center text-capitalize\"><a href=\"https:\/\/hofrfoto.cz\/en\/2025\/07\/11\/masters-of-rock-2025-ctvrtek\/\">Masters of Rock 2025 &#8211; \u010dtvrtek<\/a><\/h3>\n\t\t\t\t\t\t\t\t\t\t\t\t\t\t\t<div class=\"date_wrap\">\n\t\t\t\t\t\t\t\t\t\t\t\t\t\t\t\t\t\t\t<p class='bd-margin-0'><span title=\"Posted By OtasFoto\"><i class=\"fas fa-user\"><\/i>&nbsp;<a href=\"https:\/\/hofrfoto.cz\/en\/author\/otasfoto\/\"><span>OtasFoto<\/span><\/a><\/span>&nbsp;&nbsp;<\/p>\n\t\t\t\t\t\t\t\t\t\t\t\t\t\t\t\t\t\t\t\t<p class='bd-margin-0'><span class=\"bd-metacomments\"><i class=\"fas fa-comment\"><\/i>&nbsp;<a href=\"https:\/\/hofrfoto.cz\/en\/2025\/07\/11\/masters-of-rock-2025-ctvrtek\/#respond\">No Comments<\/a>\t\t\t\t\t\t\t\t\t\t\t<\/span><\/p>\n\t\t\t\t\t\t\t\t\t\t\t\t\t\t\t\t\t\t\t\t<div class=\"bd-datetime\">\n\t\t\t\t\t\t\t\t\t\t\t<span class=\"month\">Jul<\/span><span class=\"date\">11<\/span>\n\t\t\t\t\t\t\t\t\t\t<\/div>\n\t\t\t\t\t\t\t\t\t\t\t\t\t\t\t\t\t<\/div>\n\t\t\t\t\t\t\t\t\t\t\t\t\t\t<div class=\"bd-post-content\">\n\t\t\t\t\t\t\t\t\t\t\t\t\t\t\t<\/div>\n\t\t\t\t\t\t\t\t\t\t\t\t\t\t\t<div class=\"read_more\">\n\t\t\t\t\t\t\t\t\t<a class=\"bd-more-tag\" href=\"https:\/\/hofrfoto.cz\/en\/2025\/07\/11\/masters-of-rock-2025-ctvrtek\/\"><i class=\"fas fa-plus\"><\/i> V\u00edce zde <\/a>\t\t\t\t\t\t\t\t<\/div>\n\t\t\t\t\t\t\t\t\t\t\t\t\t<\/div>\n\t\t\t\t\t<\/div>\n\t\t\t\t\t\t\t\t\t\t\t<footer class=\"blog_footer text-capitalize\">\n\t\t\t\t\t\t\t\t\t\t\t\t\t\t\t<p class=\"bd-margin-0\"><span class=\"bd-categories\"><i class=\"fas fa-folder\"><\/i>\n\t\t\t\t\t\t\t\t\t\t<span class=\"bd-link-label\">Categories :&nbsp;<\/span><a href=\"https:\/\/hofrfoto.cz\/en\/category\/koncerty-a-festivaly\/\" rel=\"category tag\">Concerts and festivals<\/a>\t\t\t\t\t\t\t\t\t<\/span>\n\t\t\t\t\t\t\t\t<\/p>\n\t\t\t\t\t\t\t\t\t\t\t\t\t\t\t\t\t<p class=\"bd-margin-0\">\n\t\t\t\t\t\t\t\t\t\t<span class=\"bd-tags\"><i class=\"fas fa-bookmark\"><\/i>\n\t\t\t\t\t\t\t\t\t\t\t<span class=\"bd-link-label\">Tags :&nbsp;<\/span><a href=\"https:\/\/hofrfoto.cz\/en\/tag\/apocalyptica\/\" rel=\"tag\">Apocalyptica<\/a>, <a href=\"https:\/\/hofrfoto.cz\/en\/tag\/citron\/\" rel=\"tag\">Citron<\/a>, <a href=\"https:\/\/hofrfoto.cz\/en\/tag\/dragonforce\/\" rel=\"tag\">DragonForce<\/a>, <a href=\"https:\/\/hofrfoto.cz\/en\/tag\/masters-of-rock\/\" rel=\"tag\">Masters of Rock<\/a>, <a href=\"https:\/\/hofrfoto.cz\/en\/tag\/masters-of-rock-2025\/\" rel=\"tag\">Masters of Rock 2025<\/a>, <a href=\"https:\/\/hofrfoto.cz\/en\/tag\/rhapsody-of-fire\/\" rel=\"tag\">Rhapsody of Fire<\/a>\t\t\t\t\t\t\t\t\t\t<\/span>\n\t\t\t\t\t\t\t\t\t<\/p>\n\t\t\t\t\t\t\t\t\t\t\t\t\t\t\t\t\t<div class=\"social-component\">\n\t\t\t\t\t\t\t\t\t\t\t\t\t\t\t\t\t\t\t<a data-share=\"facebook\" data-href=\"https:\/\/www.facebook.com\/sharer\/sharer.php\" data-url=\"https:\/\/hofrfoto.cz\/en\/2025\/07\/11\/masters-of-rock-2025-ctvrtek\/\" class=\"bd-facebook-share bd-social-share\"><i class=\"fab fa-facebook-f\"><\/i><\/a>\n\t\t\t\t\t\t\t\t\t\t\t\t\t\t\t\t\t\t\t\t<a data-share=\"twitter\" data-href=\"https:\/\/twitter.com\/share\" data-text=\"Masters of Rock 2025 &#8211; \u010dtvrtek\" data-url=\"https:\/\/hofrfoto.cz\/en\/2025\/07\/11\/masters-of-rock-2025-ctvrtek\/\" class=\"bd-twitter-share bd-social-share\"><i class=\"fab fa-x-twitter\"><\/i><\/a>\n\t\t\t\t\t\t\t\t\t\t\t\t\t\t\t\t\t\t\t\t<a data-share=\"linkedin\" data-href=\"https:\/\/www.linkedin.com\/shareArticle\" data-url=\"https:\/\/hofrfoto.cz\/en\/2025\/07\/11\/masters-of-rock-2025-ctvrtek\/\" class=\"bd-linkedin-share bd-social-share\"><i class=\"fab fa-linkedin-in\"><\/i><\/a>\n\t\t\t\t\t\t\t\t\t\t\t\t\t\t\t\t\t\t\t\t<a data-share=\"pinterest\" href=\"https:\/\/pinterest.com\/pin\/create\/button\/\" data-url=\"https:\/\/hofrfoto.cz\/en\/2025\/07\/11\/masters-of-rock-2025-ctvrtek\/\" data-mdia=\"https:\/\/hofrfoto.cz\/wp-content\/uploads\/2025\/07\/HOF_7515.jpg\" data-rel=\"lightbox-gallery-0\" data-rl_title=\"\" data-rl_caption=\"\" data-description=\"Masters of Rock 2025 &#8211; \u010dtvrtek\" class=\"bd-pinterest-share bd-social-share\" title=\"\" data- target=\"_blank\" rel=\"noopener\"> <i class=\"fab fa-pinterest-p\"><\/i><\/a>\n\t\t\t\t\t\t\t\t\t\t\t\t\t\t\t\t\t<\/div>\n\t\t\t\t\t\t\t\t\t\t\t\t\t\t<\/footer>\n\t\t\t\t\t\t\t\t\t<\/div>\n\t\t\t<\/div>\n\t\t<\/div>\n\t\t<div class=\"timeline_year\"><span class=\"year_wrap\"><span class=\"only_year\">2025<\/span><\/span><\/div>\t\t<div class=\"blog_template bdp_blog_template timeline blog-wrap  even\">\n\t\t\t<div class=\"post_hentry\"><p><i class=\"fas\" data-fa-pseudo-element=\":before\">\uf303<\/i><\/p><div class=\"post_content_wrap\">\n\t\t\t\t\t<div class=\"post_wrapper box-blog\">\n\t\t\t\t\t\t\t\t\t\t\t\t\t<div class=\"bd-post-image photo\">\n\t\t\t\t\t\t\t\t<a href=\"https:\/\/hofrfoto.cz\/en\/2025\/06\/15\/slavnosti-piva-pod-kominem-tublatanka\/\"><img loading=\"lazy\" decoding=\"async\" width=\"1920\" height=\"1282\" src=\"https:\/\/hofrfoto.cz\/wp-content\/uploads\/2025\/06\/HOF_6804.jpg\" class=\"attachment-full size-full wp-post-image\" alt=\"\" srcset=\"https:\/\/hofrfoto.cz\/wp-content\/uploads\/2025\/06\/HOF_6804.jpg 1920w, https:\/\/hofrfoto.cz\/wp-content\/uploads\/2025\/06\/HOF_6804-300x200.jpg 300w, https:\/\/hofrfoto.cz\/wp-content\/uploads\/2025\/06\/HOF_6804-1024x684.jpg 1024w, https:\/\/hofrfoto.cz\/wp-content\/uploads\/2025\/06\/HOF_6804-768x513.jpg 768w, https:\/\/hofrfoto.cz\/wp-content\/uploads\/2025\/06\/HOF_6804-1536x1026.jpg 1536w, https:\/\/hofrfoto.cz\/wp-content\/uploads\/2025\/06\/HOF_6804-18x12.jpg 18w, https:\/\/hofrfoto.cz\/wp-content\/uploads\/2025\/06\/HOF_6804-500x334.jpg 500w, https:\/\/hofrfoto.cz\/wp-content\/uploads\/2025\/06\/HOF_6804-800x534.jpg 800w, https:\/\/hofrfoto.cz\/wp-content\/uploads\/2025\/06\/HOF_6804-1280x855.jpg 1280w\" sizes=\"(max-width: 1920px) 100vw, 1920px\" \/>\t\t\t\t\t\t\t\t\t<span class=\"overlay\"><\/span>\n\t\t\t\t\t\t\t\t<\/a>\n\t\t\t\t\t\t\t<\/div>\n\t\t\t\t\t\t\t\t\t\t\t\t<div class=\"desc\">\n\t\t\t\t\t\t\t<h3 class=\"text-center text-capitalize\"><a href=\"https:\/\/hofrfoto.cz\/en\/2025\/06\/15\/slavnosti-piva-pod-kominem-tublatanka\/\">SLAVNOSTI PIVA pod kom\u00ednem &#8211; Tublatanka<\/a><\/h3>\n\t\t\t\t\t\t\t\t\t\t\t\t\t\t\t<div class=\"date_wrap\">\n\t\t\t\t\t\t\t\t\t\t\t\t\t\t\t\t\t\t\t<p class='bd-margin-0'><span title=\"Posted By OtasFoto\"><i class=\"fas fa-user\"><\/i>&nbsp;<a href=\"https:\/\/hofrfoto.cz\/en\/author\/otasfoto\/\"><span>OtasFoto<\/span><\/a><\/span>&nbsp;&nbsp;<\/p>\n\t\t\t\t\t\t\t\t\t\t\t\t\t\t\t\t\t\t\t\t<p class='bd-margin-0'><span class=\"bd-metacomments\"><i class=\"fas fa-comment\"><\/i>&nbsp;<a href=\"https:\/\/hofrfoto.cz\/en\/2025\/06\/15\/slavnosti-piva-pod-kominem-tublatanka\/#respond\">No Comments<\/a>\t\t\t\t\t\t\t\t\t\t\t<\/span><\/p>\n\t\t\t\t\t\t\t\t\t\t\t\t\t\t\t\t\t\t\t\t<div class=\"bd-datetime\">\n\t\t\t\t\t\t\t\t\t\t\t<span class=\"month\">Jun<\/span><span class=\"date\">15<\/span>\n\t\t\t\t\t\t\t\t\t\t<\/div>\n\t\t\t\t\t\t\t\t\t\t\t\t\t\t\t\t\t<\/div>\n\t\t\t\t\t\t\t\t\t\t\t\t\t\t<div class=\"bd-post-content\">\n\t\t\t\t\t\t\t\t\t\t\t\t\t\t\t<\/div>\n\t\t\t\t\t\t\t\t\t\t\t\t\t\t\t<div class=\"read_more\">\n\t\t\t\t\t\t\t\t\t<a class=\"bd-more-tag\" href=\"https:\/\/hofrfoto.cz\/en\/2025\/06\/15\/slavnosti-piva-pod-kominem-tublatanka\/\"><i class=\"fas fa-plus\"><\/i> V\u00edce zde <\/a>\t\t\t\t\t\t\t\t<\/div>\n\t\t\t\t\t\t\t\t\t\t\t\t\t<\/div>\n\t\t\t\t\t<\/div>\n\t\t\t\t\t\t\t\t\t\t\t<footer class=\"blog_footer text-capitalize\">\n\t\t\t\t\t\t\t\t\t\t\t\t\t\t\t<p class=\"bd-margin-0\"><span class=\"bd-categories\"><i class=\"fas fa-folder\"><\/i>\n\t\t\t\t\t\t\t\t\t\t<span class=\"bd-link-label\">Categories :&nbsp;<\/span><a href=\"https:\/\/hofrfoto.cz\/en\/category\/koncerty-a-festivaly\/\" rel=\"category tag\">Concerts and festivals<\/a>\t\t\t\t\t\t\t\t\t<\/span>\n\t\t\t\t\t\t\t\t<\/p>\n\t\t\t\t\t\t\t\t\t\t\t\t\t\t\t\t\t<p class=\"bd-margin-0\">\n\t\t\t\t\t\t\t\t\t\t<span class=\"bd-tags\"><i class=\"fas fa-bookmark\"><\/i>\n\t\t\t\t\t\t\t\t\t\t\t<span class=\"bd-link-label\">Tags :&nbsp;<\/span><a href=\"https:\/\/hofrfoto.cz\/en\/tag\/pivni-slavnosti\/\" rel=\"tag\">Pivn\u00ed slavnosti<\/a>, <a href=\"https:\/\/hofrfoto.cz\/en\/tag\/slavnosti-piva-pod-kominem\/\" rel=\"tag\">Slavnosti piva pod kom\u00ednem<\/a>, <a href=\"https:\/\/hofrfoto.cz\/en\/tag\/tublatanka\/\" rel=\"tag\">Tublatanka<\/a>, <a href=\"https:\/\/hofrfoto.cz\/en\/tag\/zahlinice\/\" rel=\"tag\">Z\u00e1hlinice<\/a>, <a href=\"https:\/\/hofrfoto.cz\/en\/tag\/zahlinicky-pivovar\/\" rel=\"tag\">z\u00e1hlinick\u00fd pivovar<\/a>\t\t\t\t\t\t\t\t\t\t<\/span>\n\t\t\t\t\t\t\t\t\t<\/p>\n\t\t\t\t\t\t\t\t\t\t\t\t\t\t\t\t\t<div class=\"social-component\">\n\t\t\t\t\t\t\t\t\t\t\t\t\t\t\t\t\t\t\t<a data-share=\"facebook\" data-href=\"https:\/\/www.facebook.com\/sharer\/sharer.php\" data-url=\"https:\/\/hofrfoto.cz\/en\/2025\/06\/15\/slavnosti-piva-pod-kominem-tublatanka\/\" class=\"bd-facebook-share bd-social-share\"><i class=\"fab fa-facebook-f\"><\/i><\/a>\n\t\t\t\t\t\t\t\t\t\t\t\t\t\t\t\t\t\t\t\t<a data-share=\"twitter\" data-href=\"https:\/\/twitter.com\/share\" data-text=\"SLAVNOSTI PIVA pod kom\u00ednem &#8211; Tublatanka\" data-url=\"https:\/\/hofrfoto.cz\/en\/2025\/06\/15\/slavnosti-piva-pod-kominem-tublatanka\/\" class=\"bd-twitter-share bd-social-share\"><i class=\"fab fa-x-twitter\"><\/i><\/a>\n\t\t\t\t\t\t\t\t\t\t\t\t\t\t\t\t\t\t\t\t<a data-share=\"linkedin\" data-href=\"https:\/\/www.linkedin.com\/shareArticle\" data-url=\"https:\/\/hofrfoto.cz\/en\/2025\/06\/15\/slavnosti-piva-pod-kominem-tublatanka\/\" class=\"bd-linkedin-share bd-social-share\"><i class=\"fab fa-linkedin-in\"><\/i><\/a>\n\t\t\t\t\t\t\t\t\t\t\t\t\t\t\t\t\t\t\t\t<a data-share=\"pinterest\" href=\"https:\/\/pinterest.com\/pin\/create\/button\/\" data-url=\"https:\/\/hofrfoto.cz\/en\/2025\/06\/15\/slavnosti-piva-pod-kominem-tublatanka\/\" data-mdia=\"https:\/\/hofrfoto.cz\/wp-content\/uploads\/2025\/06\/HOF_6804.jpg\" data-rel=\"lightbox-gallery-0\" data-rl_title=\"\" data-rl_caption=\"\" data-description=\"SLAVNOSTI PIVA pod kom\u00ednem &#8211; Tublatanka\" class=\"bd-pinterest-share bd-social-share\" title=\"\" data- target=\"_blank\" rel=\"noopener\"> <i class=\"fab fa-pinterest-p\"><\/i><\/a>\n\t\t\t\t\t\t\t\t\t\t\t\t\t\t\t\t\t<\/div>\n\t\t\t\t\t\t\t\t\t\t\t\t\t\t<\/footer>\n\t\t\t\t\t\t\t\t\t<\/div>\n\t\t\t<\/div>\n\t\t<\/div>\n\t\t\t\t\t\t\t\t\t\t\t\t\t<\/div>\n\t\t\t\t\t\t\t\t\t\t<\/div>\n\t\t\t\t<div class=\"wl_pagination_box bd_pagination_box timeline\"><nav class=\"navigation paging-navigation\" role=\"navigation\"><ul class='page-numbers'>\n\t<li><span aria-current=\"page\" class=\"page-numbers current\">1<\/span><\/li>\n\t<li><a class=\"page-numbers\" href=\"https:\/\/hofrfoto.cz\/en\/wp-json\/wp\/v2\/pages\/16\/page\/2\/\">2<\/a><\/li>\n\t<li><span class=\"page-numbers dots\">&hellip;<\/span><\/li>\n\t<li><a class=\"page-numbers\" href=\"https:\/\/hofrfoto.cz\/en\/wp-json\/wp\/v2\/pages\/16\/page\/40\/\">40<\/a><\/li>\n\t<li><a class=\"next page-numbers\" href=\"https:\/\/hofrfoto.cz\/en\/wp-json\/wp\/v2\/pages\/16\/page\/2\/\">Next &rarr;<\/a><\/li>\n<\/ul>\n<\/nav><\/div><\/div>","protected":false},"excerpt":{"rendered":"","protected":false},"author":1,"featured_media":0,"parent":0,"menu_order":25,"comment_status":"closed","ping_status":"closed","template":"","meta":{"_exactmetrics_skip_tracking":false,"_exactmetrics_sitenote_active":false,"_exactmetrics_sitenote_note":"","_exactmetrics_sitenote_category":0,"_vp_format_video_url":"","_vp_image_focal_point":[],"footnotes":""},"class_list":["post-16","page","type-page","status-publish","hentry","entry","has-media"],"_links":{"self":[{"href":"https:\/\/hofrfoto.cz\/en\/wp-json\/wp\/v2\/pages\/16"}],"collection":[{"href":"https:\/\/hofrfoto.cz\/en\/wp-json\/wp\/v2\/pages"}],"about":[{"href":"https:\/\/hofrfoto.cz\/en\/wp-json\/wp\/v2\/types\/page"}],"author":[{"embeddable":true,"href":"https:\/\/hofrfoto.cz\/en\/wp-json\/wp\/v2\/users\/1"}],"replies":[{"embeddable":true,"href":"https:\/\/hofrfoto.cz\/en\/wp-json\/wp\/v2\/comments?post=16"}],"version-history":[{"count":25,"href":"https:\/\/hofrfoto.cz\/en\/wp-json\/wp\/v2\/pages\/16\/revisions"}],"predecessor-version":[{"id":324,"href":"https:\/\/hofrfoto.cz\/en\/wp-json\/wp\/v2\/pages\/16\/revisions\/324"}],"wp:attachment":[{"href":"https:\/\/hofrfoto.cz\/en\/wp-json\/wp\/v2\/media?parent=16"}],"curies":[{"name":"wp","href":"https:\/\/api.w.org\/{rel}","templated":true}]}}